{"id":7447,"date":"2022-05-17T13:29:19","date_gmt":"2022-05-17T11:29:19","guid":{"rendered":"https:\/\/www.mallorcafreetour.com\/?page_id=7447\/"},"modified":"2026-04-27T17:27:06","modified_gmt":"2026-04-27T15:27:06","slug":"home-de-2","status":"publish","type":"page","link":"https:\/\/www.mallorcafreetour.com\/de\/","title":{"rendered":"HOME DE"},"content":{"rendered":"\n\n\t<section class=\"section\" id=\"section_1913363656\">\n\t\t<div class=\"section-bg fill\" >\n\t\t\t<img loading=\"lazy\" decoding=\"async\" width=\"1366\" height=\"768\" src=\"https:\/\/www.mallorcafreetour.com\/wp-content\/uploads\/2021\/12\/portada-web.jpg\" class=\"bg attachment-original size-original\" alt=\"\" \/>\t\t\t\t\t\t<div class=\"section-bg-overlay absolute fill\"><\/div>\n\t\t\t\n\n\t\t<\/div>\n\n\t\t\n\n\t\t<div class=\"section-content relative\">\n\t\t\t\n\n<div class=\"row align-equal align-center\"  id=\"row-699201861\">\n\n\n\t<div id=\"col-1421667820\" class=\"col medium-5 small-11 large-5\"  data-animate=\"bounceIn\">\n\t\t\t\t<div class=\"col-inner text-center text-shadow-5\"  >\n\t\t\t\n\t\t\t\n\n\t<div id=\"text-3503497997\" class=\"text\">\n\t\t\n\n<h1 class=\"uppercase\" style=\"text-align: center;\"><span style=\"font-size: 250%;\" data-text-color=\"primary\"><strong>free tour mallorca<\/strong><\/span><\/h1>\n\t\t\n<style>\n#text-3503497997 {\n  font-size: 0.94rem;\n  line-height: 3;\n}\n<\/style>\n\t<\/div>\n\t\n\n\t\t<\/div>\n\t\t\t\t\n<style>\n#col-1421667820 > .col-inner {\n  margin: 50px 0px 0px 0px;\n}\n<\/style>\n\t<\/div>\n\n\t\n\n\t<div id=\"col-360471564\" class=\"col medium-8 small-12 large-8\"  data-animate=\"bounceIn\">\n\t\t\t\t<div class=\"col-inner text-center\"  >\n\t\t\t\n\t\t\t\n\n<a href=\"#reservaingles\" class=\"button alert is-gloss is-larger box-shadow-3 box-shadow-2-hover reveal-icon\"  style=\"border-radius:2px;padding:0px 11px 0px 9px;\">\n\t<i class=\"icon-envelop\" aria-hidden=\"true\" ><\/i>\t<span>BOOK  ENGLISH TOURS<\/span>\n\t<\/a>\n\n\n<a href=\"#reserva\" class=\"button primary is-larger box-shadow-3 box-shadow-2-hover reveal-icon\"  style=\"border-radius:1px;padding:0px 19px 0px 19px;\">\n\t<i class=\"icon-envelop\" aria-hidden=\"true\" ><\/i>\t<span>RESERVA EN ESPA\u00d1OL<\/span>\n\t<\/a>\n\n\n\n\t\t<\/div>\n\t\t\t\t\t<\/div>\n\n\t\n\n<\/div>\n\n\t\t<\/div>\n\n\t\t\n<style>\n#section_1913363656 {\n  padding-top: 130px;\n  padding-bottom: 130px;\n  margin-bottom: 0px;\n  min-height: 170px;\n}\n#section_1913363656 .section-bg-overlay {\n  background-color: rgba(255, 255, 255, 0.442);\n}\n#section_1913363656 .section-bg img {\n  object-position: 46% 49%;\n}\n<\/style>\n\t<\/section>\n\t\n\n\t<section class=\"section\" id=\"section_396891096\">\n\t\t<div class=\"section-bg fill\" >\n\t\t\t\t\t\t\t\t\t\n\t\t\t\n\n\t\t<\/div>\n\n\t\t\n\n\t\t<div class=\"section-content relative\">\n\t\t\t\n\n<div class=\"row row-small row-full-width align-equal align-center\"  id=\"row-971087974\">\n\n\n\n\n<style>\n#row-971087974 > .col > .col-inner {\n  padding: 0px 0px 0px 0px;\n}\n<\/style>\n<\/div>\n\n\t\t<\/div>\n\n\t\t\n<style>\n#section_396891096 {\n  padding-top: 30px;\n  padding-bottom: 30px;\n}\n<\/style>\n\t<\/section>\n\t\n<div class=\"row row-collapse\"  id=\"row-1911868646\">\n\n\n\t<div id=\"col-955949902\" class=\"col medium-10 small-12 large-12\"  >\n\t\t\t\t<div class=\"col-inner text-center\"  >\n\t\t\t\n\t\t\t\n\n\t<div id=\"text-4148999102\" class=\"text\">\n\t\t\n\n<h2 class=\"uppercase\" style=\"text-align: center;\"><span style=\"font-size: 200%;\" data-text-color=\"alert\" data-text-bg=\"primary\"><strong>Wir bieten keine \u201eFREE TOUR\u201c auf Deutsch an <\/strong><\/span><\/h2>\n\t\t\n<style>\n#text-4148999102 {\n  font-size: 1rem;\n  text-align: center;\n}\n<\/style>\n\t<\/div>\n\t\n<div class=\"text-center\"><div class=\"is-divider divider clearfix\" ><\/div><\/div>\n\n<div class=\"row\"  id=\"row-354614813\">\n\n\n\t<div id=\"col-2007896305\" class=\"col small-12 large-12\"  >\n\t\t\t\t<div class=\"col-inner\"  >\n\t\t\t\n\t\t\t\n\n\n\t\t<div class=\"tabbed-content\">\n\t\t\t\n\t\t\t<ul class=\"nav nav-tabs nav-uppercase nav-size-xlarge nav-center\" role=\"tablist\"><li id=\"tab-privattour\" class=\"tab active has-icon\" role=\"presentation\"><a href=\"#tab_privattour\" role=\"tab\" aria-selected=\"true\" aria-controls=\"tab_privattour\"><span>PRIVATTOUR<\/span><\/a><\/li><\/ul><div class=\"tab-panels\"><div id=\"tab_privattour\" class=\"panel active entry-content\" role=\"tabpanel\" aria-labelledby=\"tab-privattour\">\n\n<p class=\"lead\" style=\"text-align: center;\"><span style=\"font-size: 75%;\"><strong><span class=\"fancy-underline\">W\u00e4hlen Sie den Tag, der Ihnen am besten passt<\/span><\/strong><\/span><\/p>\n<p style=\"text-align: center;\"><span style=\"font-size: 110%;\">vor der <span data-text-color=\"primary\"><strong>Touristeninformation im Parc de la Mar<\/strong><\/span>.<\/span><\/p>\n<p style=\"text-align: center;\"><span style=\"font-size: 110%;\">**Auf Google maps ist zu finden:\u00a0<span data-text-color=\"secondary\"><em><a href=\"https:\/\/www.google.es\/maps\/place\/Mallorca+Free+Tour\/@39.5669857,2.6434322,17z\/data=!3m1!4b1!4m5!3m4!1s0x129793aa4fe5fd03:0x58f5ad8768438270!8m2!3d39.5669857!4d2.6456209\">Mallorca Free Tour<\/a><\/em>.<\/span><\/span><\/p>\n<div class=\"row row-full-width align-center\"  id=\"row-1452610989\">\n\n\n\t<div id=\"col-1037302131\" class=\"col small-12 large-12\"  >\n\t\t\t\t<div class=\"col-inner text-center\"  >\n\t\t\t\n\t\t\t\n\n<a href=\"https:\/\/www.mallorcafreetour.com\/de\/free-tour-emblematic-de\/\" class=\"button primary is-outline is-larger box-shadow-2 box-shadow-2-hover lowercase reveal-icon\"  style=\"border-radius:10px;\">\n\t<i class=\"icon-envelop\" aria-hidden=\"true\" ><\/i>\t<span>BUCHEN SIE EINE PRIVATE TOUR AUF DEUTSCH<\/span>\n\t<\/a>\n\n\n\t<div class=\"img has-hover x md-x lg-x y md-y lg-y\" id=\"image_999850627\">\n\t\t<a class=\"\" href=\"https:\/\/www.google.es\/maps\/place\/Mallorca+Free+Tour\/@39.5669857,2.6434322,17z\/data=!3m1!4b1!4m5!3m4!1s0x129793aa4fe5fd03:0x58f5ad8768438270!8m2!3d39.5669857!4d2.6456209\" target=\"_blank\" rel=\"noopener\" >\t\t\t\t\t\t<div class=\"img-inner image-zoom box-shadow-2 dark\" style=\"margin:0px 0px 22px 0px;\">\n\t\t\t<img loading=\"lazy\" decoding=\"async\" width=\"1020\" height=\"491\" src=\"https:\/\/www.mallorcafreetour.com\/wp-content\/uploads\/2020\/12\/free-tour-casco-antiguo-de-palma.jpg\" class=\"attachment-large size-large\" alt=\"\" srcset=\"https:\/\/www.mallorcafreetour.com\/wp-content\/uploads\/2020\/12\/free-tour-casco-antiguo-de-palma.jpg 1350w, https:\/\/www.mallorcafreetour.com\/wp-content\/uploads\/2020\/12\/free-tour-casco-antiguo-de-palma-800x385.jpg 800w, https:\/\/www.mallorcafreetour.com\/wp-content\/uploads\/2020\/12\/free-tour-casco-antiguo-de-palma-768x370.jpg 768w\" sizes=\"auto, (max-width: 1020px) 100vw, 1020px\" \/>\t\t\t\t\t\t\n\t\t\t\t\t<\/div>\n\t\t\t\t\t\t<\/a>\t\t\n<style>\n#image_999850627 {\n  width: 100%;\n}\n@media (min-width:550px) {\n  #image_999850627 {\n    width: 61%;\n  }\n}\n<\/style>\n\t<\/div>\n\t\n\n\n\t\t<\/div>\n\t\t\t\t\n<style>\n#col-1037302131 > .col-inner {\n  margin: 0px 0px 0px 23px;\n}\n<\/style>\n\t<\/div>\n\n\t\n\n<\/div>\n<div class=\"row row-full-width align-equal align-center\"  id=\"row-878931884\">\n\n\n\t<div id=\"col-980665733\" class=\"col medium-10 small-12 large-10\"  >\n\t\t\t\t<div class=\"col-inner text-left\"  >\n\t\t\t\n\t\t\t\n\n<div class=\"accordion\">\n\n\t<div id=\"accordion-2511573089\" class=\"accordion-item\">\n\t\t<a id=\"accordion-2511573089-label\" class=\"accordion-title plain\" href=\"#accordion-item-bus\" aria-expanded=\"false\" aria-controls=\"accordion-2511573089-content\" >\n\t\t\t<button class=\"toggle\" aria-label=\"Umschalten\"><i class=\"icon-angle-down\"><\/i><\/button>\n\t\t\t<span>BUS<\/span>\n\t\t<\/a>\n\t\t<div id=\"accordion-2511573089-content\" class=\"accordion-inner\" aria-labelledby=\"accordion-2511573089-label\" >\n\t\t\t\n\n<a href=\"https:\/\/www.emtpalma.cat\/de\/home\" target=\"_blank\" class=\"button secondary is-gloss reveal-icon expand\" rel=\"noopener\"  style=\"border-radius:10px;\">\n\t<i class=\"icon-clock\" aria-hidden=\"true\" ><\/i>\t<span>BUS EMT (Palma Stadt)<\/span>\n\t<\/a>\n\n\n<a href=\"https:\/\/www.tib.org\/de\/inici\" target=\"_blank\" class=\"button alert is-gloss reveal-icon expand\" rel=\"noopener\"  style=\"border-radius:10px;\">\n\t<i class=\"icon-clock\" aria-hidden=\"true\" ><\/i>\t<span>BUS TIB (die ganze Insel)<\/span>\n\t<\/a>\n\n\n\n\t\t<\/div>\n\t<\/div>\n\t\n\t<div id=\"accordion-4051191855\" class=\"accordion-item\">\n\t\t<a id=\"accordion-4051191855-label\" class=\"accordion-title plain\" href=\"#accordion-item-wo-parken\" aria-expanded=\"false\" aria-controls=\"accordion-4051191855-content\" >\n\t\t\t<button class=\"toggle\" aria-label=\"Umschalten\"><i class=\"icon-angle-down\"><\/i><\/button>\n\t\t\t<span>WO PARKEN<\/span>\n\t\t<\/a>\n\t\t<div id=\"accordion-4051191855-content\" class=\"accordion-inner\" aria-labelledby=\"accordion-4051191855-label\" >\n\t\t\t\n\n<a href=\"https:\/\/www.google.es\/maps\/place\/Aparcament+Parc+de+la+Mar+-+SMAP\/@39.5659162,2.6469351,17.5z\/data=!4m22!1m16!4m15!1m6!1m2!1s0x129792f66d3455e3:0xe1e6e9d0b55ef6d4!2sCalle+Jesus,+34,+Palma+(Mallorca)!2m2!1d2.6444147!2d39.5818743!1m6!1m2!1s0x12979244ff55d219:0xf1d7b7d466a7b822!2sParking,+Av.+d&#039;Antoni+Maura,+1,+07001+Palma+de+Mallorca,+Islas+Baleares!2m2!1d2.6459708!2d39.567494!3e0!3m4!1s0x12979245fc65761f:0xb5ecc5ec61247f19!8m2!3d39.5652247!4d2.6482787?hl=es\" target=\"_blank\" class=\"button primary is-gloss reveal-icon expand\" rel=\"noopener\"  style=\"border-radius:10px;padding:0px 7px 0px 12px;\">\n\t<i class=\"icon-map-pin-fill\" aria-hidden=\"true\" ><\/i>\t<span>Parking - Parc de la Mar<\/span>\n\t<\/a>\n\n\n<a href=\"https:\/\/www.google.es\/maps\/place\/Parking\/@39.5669824,2.646134,17.5z\/data=!4m9!1m2!2m1!1sparking+cerca+de+Parc+de+la+Mar,+Palma+de+Mallorca!3m5!1s0x129793420b5339ab:0xb8adfa5e61650b07!8m2!3d39.5684573!4d2.6462379!15sCjJwYXJraW5nIGNlcmNhIGRlIFBhcmMgZGUgbGEgTWFyLCBQYWxtYSBkZSBNYWxsb3JjYZIBC3BhcmtpbmdfbG90\" target=\"_blank\" class=\"button primary is-gloss reveal-icon expand\" rel=\"noopener\"  style=\"border-radius:10px;\">\n\t<i class=\"icon-map-pin-fill\" aria-hidden=\"true\" ><\/i>\t<span>Parking - Av. Antoni Maura<\/span>\n\t<\/a>\n\n\n\n\t\t<\/div>\n\t<\/div>\n\t\n\t<div id=\"accordion-2043988730\" class=\"accordion-item\">\n\t\t<a id=\"accordion-2043988730-label\" class=\"accordion-title plain\" href=\"#accordion-item-vom-kreuzfahrtschiff-aus\" aria-expanded=\"false\" aria-controls=\"accordion-2043988730-content\" >\n\t\t\t<button class=\"toggle\" aria-label=\"Umschalten\"><i class=\"icon-angle-down\"><\/i><\/button>\n\t\t\t<span>Vom Kreuzfahrtschiff aus<\/span>\n\t\t<\/a>\n\t\t<div id=\"accordion-2043988730-content\" class=\"accordion-inner\" aria-labelledby=\"accordion-2043988730-label\" >\n\t\t\t\n\n<p>Sie k\u00f6nnen die TIB-Linien nehmen <a href=\"https:\/\/www.tib.org\/es\/web\/ctm\/autobus\/linia\/102\">102<\/a>, <a href=\"https:\/\/www.tib.org\/es\/web\/ctm\/autobus\/linia\/104\">104<\/a> y <a href=\"https:\/\/www.tib.org\/es\/web\/ctm\/autobus\/linia\/107\">107<\/a> von der Haltestelle in der Avenida Gabriel Roca vor dem Einkaufszentrum Porto P\u00ed (man muss das Hafengebiet verlassen) bis zur Haltestelle &#8220;Catedral&#8221;.<\/p>\n<p>Nehmen Sie auch die Zeile <a href=\"http:\/\/www.emtpalma.cat\/es\/linea\/-\/L\/1\/portopi-palau-de-congressos\">EMT 1<\/a> vom Hafen bis zur Bushaltestelle <em>Argentina<\/em> &#8211; sa <em>Feixina<\/em> und ca. 5 Minuten Fu\u00dfweg zum Treffpunkt.<\/p>\n\n\t\t<\/div>\n\t<\/div>\n\t\n\t<div id=\"accordion-3250369709\" class=\"accordion-item\">\n\t\t<a id=\"accordion-3250369709-label\" class=\"accordion-title plain\" href=\"#accordion-item-vom-flughafen-aus\" aria-expanded=\"false\" aria-controls=\"accordion-3250369709-content\" >\n\t\t\t<button class=\"toggle\" aria-label=\"Umschalten\"><i class=\"icon-angle-down\"><\/i><\/button>\n\t\t\t<span>Vom Flughafen aus<\/span>\n\t\t<\/a>\n\t\t<div id=\"accordion-3250369709-content\" class=\"accordion-inner\" aria-labelledby=\"accordion-3250369709-label\" >\n\t\t\t\n\n<p>Sie k\u00f6nnen die Linie nehmen <a href=\"http:\/\/www.emtpalma.cat\/es\/linea\/-\/L\/17\/aeroport-palma-centre\">EMT A1<\/a> und steigen Sie an der letzten Haltestelle Es Baluard Museum aus und gehen Sie etwa 8 Minuten zu Fu\u00df.<\/p>\n\n\t\t<\/div>\n\t<\/div>\n\t\n\t<div id=\"accordion-2890725618\" class=\"accordion-item\">\n\t\t<a id=\"accordion-2890725618-label\" class=\"accordion-title plain\" href=\"#accordion-item-von-playa-de-palma,-can-pastilla-und-el-arenal\" aria-expanded=\"false\" aria-controls=\"accordion-2890725618-content\" >\n\t\t\t<button class=\"toggle\" aria-label=\"Umschalten\"><i class=\"icon-angle-down\"><\/i><\/button>\n\t\t\t<span>Von Playa de Palma, Can Pastilla und El Arenal<\/span>\n\t\t<\/a>\n\t\t<div id=\"accordion-2890725618-content\" class=\"accordion-inner\" aria-labelledby=\"accordion-2890725618-label\" >\n\t\t\t\n\n<p>Sie k\u00f6nnen die Linien nehmen <a href=\"http:\/\/www.emtpalma.cat\/es\/linea\/-\/L\/25\/s-arenal-placa-reina-catedral\">EMT 25<\/a> y <a href=\"http:\/\/www.emtpalma.cat\/es\/linea\/-\/L\/35\/aquarium-placa-reina-catedral\">EMT 35<\/a> und endet auf der Plaza de la Reina, 200 Meter von unserem Treffpunkt entfernt. Die <a href=\"http:\/\/www.emtpalma.cat\/es\/linea\/-\/L\/23\/s-arenal-parc-aquatic-placa-espanya\">EMT-Linie 23<\/a> endet an der Plaza Espa\u00f1a und ist von dort aus in 15 Minuten zu Fu\u00df zu erreichen.\u00a0<\/p>\n<p>Au\u00dferdem gibt es die TIB-Linien 500, 501, 502 und 515, die an der Intermodalstation Plaza Espa\u00f1a enden.<\/p>\n\n\t\t<\/div>\n\t<\/div>\n\t\n\t<div id=\"accordion-672324260\" class=\"accordion-item\">\n\t\t<a id=\"accordion-672324260-label\" class=\"accordion-title plain\" href=\"#accordion-item-aus-den-gebieten-andratx,-calvi\u00e0,-peguera,-palmanova-und-santa-pon\u00e7a.\" aria-expanded=\"false\" aria-controls=\"accordion-672324260-content\" >\n\t\t\t<button class=\"toggle\" aria-label=\"Umschalten\"><i class=\"icon-angle-down\"><\/i><\/button>\n\t\t\t<span>Aus den Gebieten Andratx, Calvi\u00e0, Peguera, Palmanova und Santa Pon\u00e7a.<\/span>\n\t\t<\/a>\n\t\t<div id=\"accordion-672324260-content\" class=\"accordion-inner\" aria-labelledby=\"accordion-672324260-label\" >\n\t\t\t\n\n<p>Sie k\u00f6nnen die TIB-Linien <a href=\"https:\/\/www.tib.org\/es\/web\/ctm\/autobus\/linia\/100\">100<\/a> und <a href=\"https:\/\/www.tib.org\/es\/web\/ctm\/autobus\/linia\/105\">105<\/a> nehmen, die an der Intermodalstation am Pla\u00e7a Espanya enden, oder die Linien <a href=\"https:\/\/www.tib.org\/es\/web\/ctm\/autobus\/linia\/102\">102<\/a>, <a href=\"https:\/\/www.tib.org\/es\/web\/ctm\/autobus\/linia\/104\">104<\/a>, <a href=\"https:\/\/www.tib.org\/es\/web\/ctm\/autobus\/linia\/107\">107<\/a> und an der Haltestelle &#8220;Estaci\u00f3 Intermodal&#8221; aussteigen.<\/p>\n\n\t\t<\/div>\n\t<\/div>\n\t\n\n<\/div>\n\n\t\t<\/div>\n\t\t\t\t\t<\/div>\n\n\t\n\n<\/div>\n\n<\/div><\/div><\/div>\n\n\t\t<\/div>\n\t\t\t\t\t<\/div>\n\n\t\n\n\t<div id=\"col-2010106470\" class=\"col small-12 large-12\"  >\n\t\t\t\t<div class=\"col-inner\"  >\n\t\t\t\n\t\t\t\n\n<div class=\"container section-title-container\" ><h2 class=\"section-title section-title-center\"><b><\/b><span class=\"section-title-main\" style=\"font-size:123%;color:rgb(255, 112, 0);\">SUCHEN SIE DEN ORANGEFARBENEN REGENSCHIRM!<\/span><b><\/b><\/h2><\/div>\n\n\n\t\t<\/div>\n\t\t\t\t\n<style>\n#col-2010106470 > .col-inner {\n  padding: 0px 0px 0px 0px;\n}\n<\/style>\n\t<\/div>\n\n\t\n\n<\/div>\n\t<div id=\"text-2154224018\" class=\"text hidden\">\n\t\t\n\n<h2><span style=\"color: #808080;\"><strong>\u00a1Conoce nuestras visitas guiadas!<\/strong><\/span><\/h2>\n\t\t\t<\/div>\n\t\n\n<div class=\"is-divider divider clearfix\" style=\"max-width:85px;height:4px;\"><\/div>\n\n<a href=\"\/#punto-encuentro\" class=\"button alert is-outline is-large box-shadow-2 box-shadow-2-hover reveal-icon hidden\"  style=\"border-radius:99px;\">\n\t<i class=\"icon-map-pin-fill\" aria-hidden=\"true\" ><\/i>\t<span>C\u00f3mo llegar<\/span>\n\t<\/a>\n\n\n\n\t<section class=\"section\" id=\"section_1713003008\">\n\t\t<div class=\"section-bg fill\" >\n\t\t\t\t\t\t\t\t\t\n\t\t\t\n\t<div class=\"is-border\"\n\t\tstyle=\"border-width:0px 0px 0px 0px;\">\n\t<\/div>\n\n\t\t<\/div>\n\n\t\t\n\n\t\t<div class=\"section-content relative\">\n\t\t\t\n\n<div class=\"row row-divided\"  id=\"row-1202429769\">\n\n\n\t<div id=\"col-398041671\" class=\"col medium-3 small-12 large-3\"  >\n\t\t\t\t<div class=\"col-inner\"  >\n\t\t\t\n\t\t\t\n\n\n\t\t<div class=\"icon-box featured-box icon-box-center text-center\"  >\n\t\t\t\t\t<div class=\"icon-box-img\" style=\"width: 70px\">\n\t\t\t\t<div class=\"icon\">\n\t\t\t\t\t<div class=\"icon-inner\" >\n\t\t\t\t\t\t<img loading=\"lazy\" decoding=\"async\" width=\"72\" height=\"72\" src=\"https:\/\/www.mallorcafreetour.com\/wp-content\/uploads\/2020\/12\/horario-free-tour.png\" class=\"attachment-medium size-medium\" alt=\"\" \/>\t\t\t\t\t<\/div>\n\t\t\t\t<\/div>\n\t\t\t<\/div>\n\t\t\t\t<div class=\"icon-box-text last-reset\">\n\t\t\t\t\t\t\t\t\t\n\n\t<div id=\"gap-1580066939\" class=\"gap-element clearfix\" style=\"display:block; height:auto;\">\n\t\t\n<style>\n#gap-1580066939 {\n  padding-top: 30px;\n}\n<\/style>\n\t<\/div>\n\t\n\n<p class=\"uppercase lead\" style=\"text-align: center;\"><span data-text-color=\"secondary\"><strong>PRIVATE TOUR MIT FLEXIBLEM ZEITPLANg<\/strong><\/span><\/p>\n\n\t\t<\/div>\n\t<\/div>\n\t\n\t\n\n\t\t<\/div>\n\t\t\t\t\t<\/div>\n\n\t\n\n\t<div id=\"col-611093397\" class=\"col medium-3 small-12 large-3\"  >\n\t\t\t\t<div class=\"col-inner\"  >\n\t\t\t\n\t\t\t\n\n\n\t\t<div class=\"icon-box featured-box icon-box-center text-center\"  >\n\t\t\t\t\t<div class=\"icon-box-img\" style=\"width: 70px\">\n\t\t\t\t<div class=\"icon\">\n\t\t\t\t\t<div class=\"icon-inner\" >\n\t\t\t\t\t\t<img loading=\"lazy\" decoding=\"async\" width=\"72\" height=\"72\" src=\"https:\/\/www.mallorcafreetour.com\/wp-content\/uploads\/2020\/12\/sistema-free-tour.png\" class=\"attachment-medium size-medium\" alt=\"\" \/>\t\t\t\t\t<\/div>\n\t\t\t\t<\/div>\n\t\t\t<\/div>\n\t\t\t\t<div class=\"icon-box-text last-reset\">\n\t\t\t\t\t\t\t\t\t\n\n\t<div id=\"gap-1434275172\" class=\"gap-element clearfix\" style=\"display:block; height:auto;\">\n\t\t\n<style>\n#gap-1434275172 {\n  padding-top: 30px;\n}\n<\/style>\n\t<\/div>\n\t\n\n\n\t\t<\/div>\n\t<\/div>\n\t\n\t\n<p class=\"uppercase lead\" style=\"text-align: center;\"><span data-text-color=\"secondary\"><strong>F\u00dcR ALLE MENSCHEN<\/strong><\/span><\/p>\n<p>\u00a0<\/p>\n\n\t\t<\/div>\n\t\t\t\t\t<\/div>\n\n\t\n\n\t<div id=\"col-1300910516\" class=\"col medium-3 small-12 large-3\"  >\n\t\t\t\t<div class=\"col-inner\"  >\n\t\t\t\n\t\t\t\n\n\n\t\t<div class=\"icon-box featured-box icon-box-center text-center\"  >\n\t\t\t\t\t<div class=\"icon-box-img\" style=\"width: 70px\">\n\t\t\t\t<div class=\"icon\">\n\t\t\t\t\t<div class=\"icon-inner\" >\n\t\t\t\t\t\t<img loading=\"lazy\" decoding=\"async\" width=\"72\" height=\"72\" src=\"https:\/\/www.mallorcafreetour.com\/wp-content\/uploads\/2020\/12\/free-tour-mallorca-espanol.png\" class=\"attachment-medium size-medium\" alt=\"\" \/>\t\t\t\t\t<\/div>\n\t\t\t\t<\/div>\n\t\t\t<\/div>\n\t\t\t\t<div class=\"icon-box-text last-reset\">\n\t\t\t\t\t\t\t\t\t\n\n\t<div id=\"gap-1471575681\" class=\"gap-element clearfix\" style=\"display:block; height:auto;\">\n\t\t\n<style>\n#gap-1471575681 {\n  padding-top: 30px;\n}\n<\/style>\n\t<\/div>\n\t\n\n<p class=\"uppercase lead\" style=\"text-align: center;\"><span data-text-color=\"secondary\"><strong>IHRE PERSONALISIERTE ROUTE<\/strong><\/span><\/p>\n\n\t\t<\/div>\n\t<\/div>\n\t\n\t\n\t<div id=\"gap-605681795\" class=\"gap-element clearfix\" style=\"display:block; height:auto;\">\n\t\t\n<style>\n#gap-605681795 {\n  padding-top: 30px;\n}\n<\/style>\n\t<\/div>\n\t\n\n\n\t\t<\/div>\n\t\t\t\t\t<\/div>\n\n\t\n\n\t<div id=\"col-1122280338\" class=\"col medium-3 small-12 large-3\"  >\n\t\t\t\t<div class=\"col-inner\"  >\n\t\t\t\n\t\t\t\n\n\n\t\t<div class=\"icon-box featured-box icon-box-center text-center\"  >\n\t\t\t\t\t<div class=\"icon-box-img\" style=\"width: 220px\">\n\t\t\t\t<div class=\"icon\">\n\t\t\t\t\t<div class=\"icon-inner\" >\n\t\t\t\t\t\t<img loading=\"lazy\" decoding=\"async\" width=\"564\" height=\"400\" src=\"https:\/\/www.mallorcafreetour.com\/wp-content\/uploads\/2020\/12\/guias-oficiales-islas-baleares-564x400.png\" class=\"attachment-medium size-medium\" alt=\"\" srcset=\"https:\/\/www.mallorcafreetour.com\/wp-content\/uploads\/2020\/12\/guias-oficiales-islas-baleares-564x400.png 564w, https:\/\/www.mallorcafreetour.com\/wp-content\/uploads\/2020\/12\/guias-oficiales-islas-baleares-1128x800.png 1128w, https:\/\/www.mallorcafreetour.com\/wp-content\/uploads\/2020\/12\/guias-oficiales-islas-baleares-768x545.png 768w, https:\/\/www.mallorcafreetour.com\/wp-content\/uploads\/2020\/12\/guias-oficiales-islas-baleares-1536x1090.png 1536w, https:\/\/www.mallorcafreetour.com\/wp-content\/uploads\/2020\/12\/guias-oficiales-islas-baleares.png 1920w\" sizes=\"auto, (max-width: 564px) 100vw, 564px\" \/>\t\t\t\t\t<\/div>\n\t\t\t\t<\/div>\n\t\t\t<\/div>\n\t\t\t\t<div class=\"icon-box-text last-reset\">\n\t\t\t\t\t\t\t\t\t\n\n<p class=\"uppercase lead\" style=\"text-align: center;\"><strong><span data-text-color=\"secondary\">\u00a0MALLORQUINISCHE REISEF\u00dcHRER<\/span><br \/><\/strong><\/p>\n<p style=\"text-align: center;\">\u00a0<\/p>\n\n\t\t<\/div>\n\t<\/div>\n\t\n\t\n\n\t\t<\/div>\n\t\t\t\t\n<style>\n#col-1122280338 > .col-inner {\n  margin: -51px 0px 0px 0px;\n}\n<\/style>\n\t<\/div>\n\n\t\n\n<\/div>\n\t<div id=\"gap-1195806379\" class=\"gap-element clearfix\" style=\"display:block; height:auto;\">\n\t\t\n<style>\n#gap-1195806379 {\n  padding-top: 30px;\n}\n<\/style>\n\t<\/div>\n\t\n\n\n\t<div id=\"gap-1466343640\" class=\"gap-element clearfix\" style=\"display:block; height:auto;\">\n\t\t\n<style>\n#gap-1466343640 {\n  padding-top: 30px;\n}\n<\/style>\n\t<\/div>\n\t\n\n<div class=\"row row-large align-middle\"  id=\"row-579208330\">\n\n\n\n<\/div>\n\n\t\t<\/div>\n\n\t\t\n<style>\n#section_1713003008 {\n  padding-top: 30px;\n  padding-bottom: 30px;\n}\n<\/style>\n\t<\/section>\n\t\n\n\t\t<\/div>\n\t\t\t\t\n<style>\n#col-955949902 > .col-inner {\n  margin: 0px 0px -84px 0px;\n}\n<\/style>\n\t<\/div>\n\n\t\n\n<\/div>\n\n\t<section class=\"section\" id=\"section_421332513\">\n\t\t<div class=\"section-bg fill\" >\n\t\t\t\t\t\t\t\t\t\n\t\t\t\n\n\t\t<\/div>\n\n\t\t\n\n\t\t<div class=\"section-content relative\">\n\t\t\t\n\n<span class=\"scroll-to\" data-label=\"Scroll to: #reservaingles\" data-bullet=\"false\" data-link=\"#reservaingles\" data-title=\"reservaingles\" ><a name=\"reservaingles\"><\/a><\/span>\n\n<div class=\"row align-equal align-center\"  id=\"row-1851761475\">\n\n\n\t<div id=\"col-1349043946\" class=\"col medium-8 small-12 large-8\"  >\n\t\t\t\t<div class=\"col-inner text-left dark\"  >\n\t\t\t\n\t\t\t\n\n<h2 style=\"text-align: center;\"><span class=\"fancy-underline\"><strong>ENGLISH GROUP RESERVATIONS!<\/strong><\/span><\/h2>\n\n\t\t<\/div>\n\t\t\t\t\t<\/div>\n\n\t\n\n\t<div id=\"col-782872615\" class=\"col medium-4 small-12 large-4\"  >\n\t\t\t\t<div class=\"col-inner text-left\"  >\n\t\t\t\n\t\t\t\n\n<a href=\"https:\/\/www.mallorcafreetour.com\/en\/\" class=\"button alert is-gloss is-large box-shadow-3 box-shadow-2-hover reveal-icon hidden\"  style=\"border-radius:2px;\">\n\t\t<span>TO BOOK IN ENGLISH<\/span>\n\t<i class=\"icon-envelop\" aria-hidden=\"true\" ><\/i><\/a>\n\n\n\n\t\t<\/div>\n\t\t\t\t\n<style>\n#col-782872615 > .col-inner {\n  margin: 0px 0px 0px 56px;\n}\n<\/style>\n\t<\/div>\n\n\t\n\n\t<div id=\"col-1036197103\" class=\"col small-12 large-12\"  >\n\t\t\t\t<div class=\"col-inner text-center\" style=\"background-color:rgb(255, 255, 255);\" >\n\t\t\t\n\t\t\t\n\n\t<div id=\"text-3936070299\" class=\"text\">\n\t\t\n\n<div class=\"load-turitop\" data-category=\"C5\" data-version=\"2\" data-lang=\"en\" data-embed=\"box\" data-datepickeravailability=\"show\"><\/div>\n\t\t\n<style>\n#text-3936070299 {\n  text-align: center;\n}\n<\/style>\n\t<\/div>\n\t\n\n\t\t<\/div>\n\t\t\t\t\t<\/div>\n\n\t\n\n\t<div id=\"col-634899433\" class=\"col small-12 large-12\"  >\n\t\t\t\t<div class=\"col-inner text-center\"  >\n\t\t\t\n\t\t\t\n\n<p><span data-text-color=\"alert\"><strong>If you don&#8217;t receive the confirmation, don&#8217;t forget to check your Spam or Junk mail folder.<\/strong><\/span><\/p>\n\n\t\t<\/div>\n\t\t\t\t\t<\/div>\n\n\t\n\n<\/div>\n\n\t\t<\/div>\n\n\t\t\n<style>\n#section_421332513 {\n  padding-top: 80px;\n  padding-bottom: 80px;\n  background-color: rgba(255, 153, 0, 0.52);\n}\n<\/style>\n\t<\/section>\n\t\n\n\t<section class=\"section\" id=\"section_177910004\">\n\t\t<div class=\"section-bg fill\" >\n\t\t\t\t\t\t\t\t\t\n\t\t\t\n\n\t\t<\/div>\n\n\t\t\n\n\t\t<div class=\"section-content relative\">\n\t\t\t\n\n<span class=\"scroll-to\" data-label=\"Scroll to: #reserva\" data-bullet=\"false\" data-link=\"#reserva\" data-title=\"reserva\" ><a name=\"reserva\"><\/a><\/span>\n\n<div class=\"row align-equal align-center\"  id=\"row-1401682839\">\n\n\n\t<div id=\"col-1099682267\" class=\"col medium-8 small-12 large-8\"  >\n\t\t\t\t<div class=\"col-inner text-left dark\"  >\n\t\t\t\n\t\t\t\n\n<h2 style=\"text-align: center;\"><span class=\"fancy-underline\"><strong>\u00a1RESERVAS EN ESPA\u00d1OL!<\/strong><\/span><\/h2>\n\n\t\t<\/div>\n\t\t\t\t\t<\/div>\n\n\t\n\n\t<div id=\"col-775458177\" class=\"col medium-4 small-12 large-4\"  >\n\t\t\t\t<div class=\"col-inner text-left\"  >\n\t\t\t\n\t\t\t\n\n<a href=\"https:\/\/www.mallorcafreetour.com\/en\/\" class=\"button alert is-gloss is-large box-shadow-3 box-shadow-2-hover reveal-icon hidden\"  style=\"border-radius:2px;\">\n\t\t<span>TO BOOK IN ENGLISH<\/span>\n\t<i class=\"icon-envelop\" aria-hidden=\"true\" ><\/i><\/a>\n\n\n\n\t\t<\/div>\n\t\t\t\t\n<style>\n#col-775458177 > .col-inner {\n  margin: 0px 0px 0px 56px;\n}\n<\/style>\n\t<\/div>\n\n\t\n\n\t<div id=\"col-222875846\" class=\"col small-12 large-12\"  >\n\t\t\t\t<div class=\"col-inner text-center\" style=\"background-color:rgb(255, 255, 255);\" >\n\t\t\t\n\t\t\t\n\n\t<div id=\"text-3538304896\" class=\"text\">\n\t\t\n\n<div class=\"load-turitop\" data-category=\"C4\" data-version=\"2\" data-lang=\"es\" data-embed=\"box\" data-datepickeravailability=\"show\"><\/div>\n\t\t\n<style>\n#text-3538304896 {\n  text-align: center;\n}\n<\/style>\n\t<\/div>\n\t\n\n\t\t<\/div>\n\t\t\t\t\t<\/div>\n\n\t\n\n\t<div id=\"col-1841204954\" class=\"col small-12 large-12\"  >\n\t\t\t\t<div class=\"col-inner text-center\"  >\n\t\t\t\n\t\t\t\n\n<p><span data-text-color=\"alert\"><strong>Si no recibes la confirmaci\u00f3n, no olvides revisar la bandeja de Spam o correo no deseado<\/strong><\/span><\/p>\n\n\t\t<\/div>\n\t\t\t\t\t<\/div>\n\n\t\n\n<\/div>\n\n\t\t<\/div>\n\n\t\t\n<style>\n#section_177910004 {\n  padding-top: 80px;\n  padding-bottom: 80px;\n  background-color: rgba(255, 153, 0, 0.52);\n}\n<\/style>\n\t<\/section>\n\t\n\n\t<section class=\"section\" id=\"section_401287050\">\n\t\t<div class=\"section-bg fill\" >\n\t\t\t\t\t\t\t\t\t<div class=\"section-bg-overlay absolute fill\"><\/div>\n\t\t\t\n\n\t\t<\/div>\n\n\t\t\n\n\t\t<div class=\"section-content relative\">\n\t\t\t\n\n<div class=\"row row-large\"  id=\"row-796195400\">\n\n\n\t<div id=\"col-1011952303\" class=\"col medium-6 small-12 large-6\"  >\n\t\t\t\t<div class=\"col-inner\"  >\n\t\t\t\n\t\t\t\n\n\t<div class=\"img has-hover x md-x lg-x y md-y lg-y\" id=\"image_1463253241\">\n\t\t\t\t\t\t\t\t<div class=\"img-inner dark\" >\n\t\t\t<img loading=\"lazy\" decoding=\"async\" width=\"1020\" height=\"798\" src=\"https:\/\/www.mallorcafreetour.com\/wp-content\/uploads\/2022\/09\/mallorca-free-tour-official-guides-scaled-e1662390655803-1022x800.jpg\" class=\"attachment-large size-large\" alt=\"\" srcset=\"https:\/\/www.mallorcafreetour.com\/wp-content\/uploads\/2022\/09\/mallorca-free-tour-official-guides-scaled-e1662390655803-1022x800.jpg 1022w, https:\/\/www.mallorcafreetour.com\/wp-content\/uploads\/2022\/09\/mallorca-free-tour-official-guides-scaled-e1662390655803-511x400.jpg 511w, https:\/\/www.mallorcafreetour.com\/wp-content\/uploads\/2022\/09\/mallorca-free-tour-official-guides-scaled-e1662390655803-768x601.jpg 768w, https:\/\/www.mallorcafreetour.com\/wp-content\/uploads\/2022\/09\/mallorca-free-tour-official-guides-scaled-e1662390655803-1536x1202.jpg 1536w, https:\/\/www.mallorcafreetour.com\/wp-content\/uploads\/2022\/09\/mallorca-free-tour-official-guides-scaled-e1662390655803.jpg 2003w\" sizes=\"auto, (max-width: 1020px) 100vw, 1020px\" \/>\t\t\t\t\t\t\n\t\t\t\t\t<\/div>\n\t\t\t\t\t\t\t\t\n<style>\n#image_1463253241 {\n  width: 100%;\n}\n<\/style>\n\t<\/div>\n\t\n\n\n\t\t<\/div>\n\t\t\t\t\t<\/div>\n\n\t\n\n\t<div id=\"col-1293592888\" class=\"col medium-6 small-12 large-6\"  >\n\t\t\t\t<div class=\"col-inner text-left\"  >\n\t\t\t\n\t\t\t\n\n\t<div id=\"text-2627795409\" class=\"text\">\n\t\t\n\n<h2 data-text-color=\"secondary\"><strong>Offizielle akkreditierte Guides<\/strong><\/h2>\n<p style=\"font-size: 110%;\"><strong>Eul\u00e0lia<\/strong>, Historikerin; <strong>Carlos<\/strong>, Graduierter in Internationalem Hotelmanagement, <strong>Marina<\/strong>, <strong>Esperanza<\/strong>, <strong>Silvia<\/strong> und <strong>Mar\u00eda<\/strong>, Graduierte in Tourismus, widmen sich seit 2014 zu 100 % Free Tour und F\u00fchrungen.<\/p>\n<p><span style=\"font-size: 110%;\">Unsere Reiseleiter sind gem\u00e4\u00df den geltenden Vorschriften (<span data-text-color=\"secondary\"><a href=\"https:\/\/apps.caib.es\/8-2020-es.pdf\"><strong>Gesetzesdekret 8\/2020 vom 13. Mai<\/strong><\/a><\/span>) ordnungsgem\u00e4\u00df qualifiziert. Sie <strong>werden Ihnen Palma de Mallorca<\/strong> aus einer anderen, unterhaltsamen Perspektive zeigen, <strong>mit Anekdoten, Kuriosit\u00e4ten und Geschichten aus allen Ecken der Stadt<\/strong>.<\/span><\/p>\n\t\t\n<style>\n#text-2627795409 {\n  text-align: center;\n}\n<\/style>\n\t<\/div>\n\t\n<div class=\"row\"  id=\"row-2006155158\">\n\n\n\t<div id=\"col-1937449701\" class=\"col small-12 large-12\"  >\n\t\t\t\t<div class=\"col-inner text-center\"  >\n\t\t\t\n\t\t\t\n\n<a href=\"https:\/\/www.mallorcafreetour.com\/de\/team\/\" class=\"button secondary is-large lowercase reveal-icon rounded\"  style=\"border-radius:50px;\">\n\t<i class=\"icon-heart-o\" aria-hidden=\"true\" ><\/i>\t<span>Treffen Sie unsere F\u00fchrer<\/span>\n\t<\/a>\n\n\n\n\t\t<\/div>\n\t\t\t\t\t<\/div>\n\n\t\n\n<\/div>\n\n\t\t<\/div>\n\t\t\t\t\t<\/div>\n\n\t\n\n<\/div>\n<div class=\"row\"  id=\"row-622796938\">\n\n\n\t<div id=\"col-1645738753\" class=\"col small-12 large-12\"  >\n\t\t\t\t<div class=\"col-inner\"  >\n\t\t\t\n\t\t\t\n\n\t<div id=\"text-2396226638\" class=\"text\">\n\t\t\n\n<p style=\"font-size: 110%; text-align: center;\">Eines der Dinge, die wir an unserer Arbeit am meisten lieben, ist es, t\u00e4glich Feedback wie dieses zu erhalten<\/p>\n<p style=\"font-size: 110%; text-align: center;\"><span style=\"font-size: 100%;\">Seit 2014 | Berwertung<span style=\"font-size: 170%;\"> 9,5<\/span> von 580 Erfahrungsberichten<\/span><\/p>\n\t\t\n<style>\n#text-2396226638 {\n  line-height: 1.25;\n  text-align: center;\n}\n@media (min-width:550px) {\n  #text-2396226638 {\n    line-height: 0.75;\n  }\n}\n<\/style>\n\t<\/div>\n\t\n\n\t\t<\/div>\n\t\t\t\t\t<\/div>\n\n\t\n\n\t<div id=\"col-231641763\" class=\"col medium-4 small-12 large-4\"  >\n\t\t\t\t<div class=\"col-inner\"  >\n\t\t\t\n\t\t\t\n\n  <div class=\"icon-box testimonial-box icon-box-center text-center\">\n                <div class=\"icon-box-text p-last-0\">\n          <div class=\"star-rating\"><span style=\"width:100%\"><strong class=\"rating\"><\/strong><\/span><\/div>  \t\t\t\t<div class=\"testimonial-text line-height-small italic test_text first-reset last-reset is-italic\">\n            \n\n<p>La Palma allein ist schon eine Reise wert. Die schlichte aber majest\u00e4tische Kathedrale pr\u00e4gt den touristischen Zugang zur Altstadt. Dort finden sich viele schmale und sch\u00f6n renovierte mediterran wirkende Gassen. \u00dcberrascht war ich von den Jugenstilfassaden und dem alten Olivenbaum im Herzen des Zentrums. Ich glaube, La Palma ist die einzige Sehensw\u00fcrdigkeit Mallorcas, die die hohen Berwertungen tats\u00e4chlich verdient hat. Der kleine Abstecher zur Burg Belver lohnt sich.<\/p>\n\n          <\/div>\n          <div class=\"testimonial-meta pt-half\">\n             <strong class=\"testimonial-name test_name\">Jochim88<\/strong>\n             <span class=\"testimonial-name-divider\"> \/ <\/span>             <span class=\"testimonial-company test_company\">tripadvisor<\/span>\n          <\/div>\n        <\/div>\n  <\/div>\n\n  \n\n\t\t<\/div>\n\t\t\t\t\t<\/div>\n\n\t\n\n\t<div id=\"col-1537805819\" class=\"col medium-4 small-12 large-4\"  >\n\t\t\t\t<div class=\"col-inner\"  >\n\t\t\t\n\t\t\t\n\n  <div class=\"icon-box testimonial-box icon-box-center text-center\">\n                <div class=\"icon-box-text p-last-0\">\n          <div class=\"star-rating\"><span style=\"width:100%\"><strong class=\"rating\"><\/strong><\/span><\/div>  \t\t\t\t<div class=\"testimonial-text line-height-small italic test_text first-reset last-reset is-italic\">\n            \n\n<p>Sehr zu empfehlen. Super gute F\u00fchrung in Englisch. 2 1\/2 Stunden, nie langweilig, gut verst\u00e4ndlich, immer interessant.<\/p>\n\n          <\/div>\n          <div class=\"testimonial-meta pt-half\">\n             <strong class=\"testimonial-name test_name\">maklabra<\/strong>\n             <span class=\"testimonial-name-divider\"> \/ <\/span>             <span class=\"testimonial-company test_company\">tripadvisor<\/span>\n          <\/div>\n        <\/div>\n  <\/div>\n\n  \n\n\t\t<\/div>\n\t\t\t\t\t<\/div>\n\n\t\n\n\t<div id=\"col-31174779\" class=\"col medium-4 small-12 large-4\"  >\n\t\t\t\t<div class=\"col-inner\"  >\n\t\t\t\n\t\t\t\n\n  <div class=\"icon-box testimonial-box icon-box-center text-center\">\n                <div class=\"icon-box-text p-last-0\">\n          <div class=\"star-rating\"><span style=\"width:100%\"><strong class=\"rating\"><\/strong><\/span><\/div>  \t\t\t\t<div class=\"testimonial-text line-height-small italic test_text first-reset last-reset is-italic\">\n            \n\n<p>Es war sehr interessant und die Reisef\u00fchrerin hat sich sehr bem\u00fcht das ganze l\u00fcstig und zeitgleich interessant zu gestalten.<\/p>\n\n          <\/div>\n          <div class=\"testimonial-meta pt-half\">\n             <strong class=\"testimonial-name test_name\">Anna P<\/strong>\n             <span class=\"testimonial-name-divider\"> \/ <\/span>             <span class=\"testimonial-company test_company\">tripadvisor<\/span>\n          <\/div>\n        <\/div>\n  <\/div>\n\n  \n\n\t\t<\/div>\n\t\t\t\t\t<\/div>\n\n\t\n\n\t<div id=\"col-367240964\" class=\"col small-12 large-12\"  >\n\t\t\t\t<div class=\"col-inner text-center\"  >\n\t\t\t\n\t\t\t\n\n<div id=\"TA_certificateOfExcellence730\" class=\"TA_certificateOfExcellence\">\n<ul id=\"s6jO4Mwy9\" class=\"TA_links PmCT3a\">\n<li id=\"rYRTNYCaiEq\" class=\"6yIvJGIgWE\"><a target=\"_blank\" href=\"https:\/\/www.tripadvisor.es\/Attraction_Review-g187463-d6782466-Reviews-Mallorca_Free_Tour-Palma_de_Mallorca_Majorca_Balearic_Islands.html\" rel=\"noopener\"><img decoding=\"async\" src=\"https:\/\/static.tacdn.com\/img2\/travelers_choice\/widgets\/tchotel_2022_LL.png\" alt=\"TripAdvisor\" class=\"widCOEImg\" id=\"CDSWIDCOELOGO\"><\/a><\/li>\n<\/ul>\n<\/div>\n<p><script async=\"\" src=\"https:\/\/www.jscache.com\/wejs?wtype=certificateOfExcellence&amp;uniq=730&amp;locationId=6782466&amp;lang=es&amp;year=2022&amp;display_version=2\" data-loadtrk=\"\" onload=\"this.loadtrk=true\"><\/script><\/p>\n\n\t\t<\/div>\n\t\t\t\t\t<\/div>\n\n\t\n\n<\/div>\n\n\t\t<\/div>\n\n\t\t\n<style>\n#section_401287050 {\n  padding-top: 35px;\n  padding-bottom: 35px;\n  background-color: rgb(255, 255, 255);\n}\n#section_401287050 .section-bg-overlay {\n  background-color: rgba(255, 255, 255, 0.85);\n}\n<\/style>\n\t<\/section>\n\t\n\n\t<section class=\"section\" id=\"section_180582293\">\n\t\t<div class=\"section-bg fill\" >\n\t\t\t\t\t\t\t\t\t\n\t\t\t\n\n\t\t<\/div>\n\n\t\t\n\n\t\t<div class=\"section-content relative\">\n\t\t\t\n\n<div class=\"container section-title-container\" ><h2 class=\"section-title section-title-center\"><b><\/b><span class=\"section-title-main\" style=\"font-size:145%;color:rgb(255, 112, 0);\">FREE TOUR PALMA DE MALLORCA<\/span><b><\/b><\/h2><\/div>\n\n<div class=\"row row-full-width align-center\"  id=\"row-1171787698\">\n\n\n\t<div id=\"col-1648211677\" class=\"col medium-6 small-12 large-6\"  >\n\t\t\t\t<div class=\"col-inner text-left\"  >\n\t\t\t\n\t\t\t\n\n\t<div id=\"text-1195095976\" class=\"text\">\n\t\t\n\n<h3 style=\"text-align: center;\"><span style=\"color: #ff9900;\"><strong>Warum bieten wir eine Free Tour an?<br \/><\/strong><\/span><\/h3>\n<h3 data-text-color=\"secondary\">Eine freie Tour f\u00fcr allen<\/h3>\n<p><span data-text-color=\"primary\"><span style=\"color: #555555;\">Wir von <\/span><strong>Free Tour Mallorca<\/strong><\/span> sind der Meinung, dass jeder Besucher das Recht hat, eine Tour zu genie\u00dfen, um die wichtigsten Sehensw\u00fcrdigkeiten der Stadt kennenzulernen, und dass das Budget keine Unannehmlichkeit darstellt.\u00a0<\/p>\n<p>Da die Free Tour ausschlie\u00dflich auf Trinkgeldern basiert, sind unsere Fremdenf\u00fchrer stets motiviert und bestens vorbereitet, um unsere Kunden zufrieden zu stellen, was die Qualit\u00e4t der Tour garantiert. Auf diese Weise kann jeder am Ende der Tour selbst entscheiden, wie viel Trinkgeld er dem Fremdenf\u00fchrer geben m\u00f6chte, je nach seinem <strong>Budget<\/strong> und dem Grad seiner <strong>Zufriedenheit<\/strong>.<\/p>\n<p>Wir gehen raus, auch wenn es windig ist, regnet oder schneit.<\/p>\n\t\t\n<style>\n#text-1195095976 {\n  text-align: center;\n}\n<\/style>\n\t<\/div>\n\t\n\n\t\t<\/div>\n\t\t\t\t\t<\/div>\n\n\t\n\n\t<div id=\"col-1082481014\" class=\"col medium-4 small-12 large-4\"  >\n\t\t\t\t<div class=\"col-inner\"  >\n\t\t\t\n\t\t\t\n\n\t<div class=\"img has-hover x md-x lg-x y md-y lg-y\" id=\"image_874361483\">\n\t\t\t\t\t\t\t\t<div class=\"img-inner dark\" >\n\t\t\t<img loading=\"lazy\" decoding=\"async\" width=\"1020\" height=\"765\" src=\"https:\/\/www.mallorcafreetour.com\/wp-content\/uploads\/2020\/12\/punto-de-encuentro-parc-de-la-mar-1067x800.jpg\" class=\"attachment-large size-large\" alt=\"\" srcset=\"https:\/\/www.mallorcafreetour.com\/wp-content\/uploads\/2020\/12\/punto-de-encuentro-parc-de-la-mar-1067x800.jpg 1067w, https:\/\/www.mallorcafreetour.com\/wp-content\/uploads\/2020\/12\/punto-de-encuentro-parc-de-la-mar-533x400.jpg 533w, https:\/\/www.mallorcafreetour.com\/wp-content\/uploads\/2020\/12\/punto-de-encuentro-parc-de-la-mar-768x576.jpg 768w, https:\/\/www.mallorcafreetour.com\/wp-content\/uploads\/2020\/12\/punto-de-encuentro-parc-de-la-mar-1536x1152.jpg 1536w, https:\/\/www.mallorcafreetour.com\/wp-content\/uploads\/2020\/12\/punto-de-encuentro-parc-de-la-mar-2048x1536.jpg 2048w\" sizes=\"auto, (max-width: 1020px) 100vw, 1020px\" \/>\t\t\t\t\t\t\n\t\t\t\t\t<\/div>\n\t\t\t\t\t\t\t\t\n<style>\n#image_874361483 {\n  width: 100%;\n}\n<\/style>\n\t<\/div>\n\t\n\n\n\t\t<\/div>\n\t\t\t\t\t<\/div>\n\n\t\n\n\t<div id=\"col-963544542\" class=\"col medium-10 small-12 large-10\"  >\n\t\t\t\t<div class=\"col-inner\"  >\n\t\t\t\n\t\t\t\n\n<h2 style=\"text-align: center;\"><strong><span style=\"color: #ff9900;\">Besichtigung der Free Tour in Palma de Mallorca<\/span><\/strong><\/h2>\n<h3 style=\"text-align: center;\" data-text-color=\"secondary\">2 Stunden gef\u00fchrte Tour<\/h3>\n<p><strong>Nuestro tour<\/strong> lo ofrecemos en 2 idiomas: <strong>espa\u00f1ol e ingl\u00e9s, dura unas 2 horas<\/strong> y arranca <strong>a las 11 de la ma\u00f1ana de Lunes a Domingo <\/strong>delante de la oficina de turismo que se encuentra en el <span class=\"fancy-underline\">Parc de la Mar<\/span>, justo debajo de la Catedral (<a href=\"#punto-encuentro\">m\u00e1s informaci\u00f3n en el mapa<\/a>). Y descubre la ciudad de noche con nuestro <strong>Free Tour de Misterios, cr\u00edmenes y leyendas de Palma los S\u00e1bados<\/strong><strong> a las 18:00 desde la Plaza Mayor.<\/strong><\/p>\n<p>Unsere <strong>deutschsprachige F\u00fchrung<\/strong>, die etwa <strong>2 Stunden<\/strong> dauert, beginnt <strong>Freitags<\/strong>, <strong>Samstags<\/strong> und <strong>Sonntags<\/strong> um 11 Uhr vor dem Fremdenverkehrsb\u00fcro im Parc de la Mar, direkt unterhalb der Kathedrale (<a href=\"https:\/\/goo.gl\/maps\/MZBcCBGiC94SxVWM8\">weitere Informationen auf der Karte<\/a>).<\/p>\n<div class=\"row row-small row-full-width align-equal align-center\"  id=\"row-15887373\">\n\n\n\t<div id=\"col-1502966203\" class=\"col medium-9 small-12 large-9\"  >\n\t\t\t\t<div class=\"col-inner\"  >\n\t\t\t\n\t\t\t\n\n\n\t\t<div class=\"tabbed-content\">\n\t\t\t\n\t\t\t<ul class=\"nav nav-outline nav-uppercase nav-size-normal nav-center\" role=\"tablist\"><li id=\"tab-stops\" class=\"tab active has-icon\" role=\"presentation\"><a href=\"#tab_stops\" role=\"tab\" aria-selected=\"true\" aria-controls=\"tab_stops\"><span>STOPS<\/span><\/a><\/li>\n<li id=\"tab-die-karte-sehen\" class=\"tab has-icon\" role=\"presentation\"><a href=\"#tab_die-karte-sehen\" tabindex=\"-1\" role=\"tab\" aria-selected=\"false\" aria-controls=\"tab_die-karte-sehen\"><span>DIE KARTE SEHEN<\/span><\/a><\/li><\/ul><div class=\"tab-panels\"><div id=\"tab_stops\" class=\"panel active entry-content\" role=\"tabpanel\" aria-labelledby=\"tab-stops\">\n\n\t<div id=\"gap-1045531891\" class=\"gap-element clearfix\" style=\"display:block; height:auto;\">\n\t\t\n<style>\n#gap-1045531891 {\n  padding-top: 30px;\n}\n<\/style>\n\t<\/div>\n\t\n\n<div class=\"row align-bottom align-center\" style=\"max-width:\" id=\"row-287410248\">\n\n\n\t<div id=\"col-1084328890\" class=\"col medium-6 small-12 large-6\"  >\n\t\t\t\t<div class=\"col-inner\"  >\n\t\t\t\n\t\t\t\n\n<ul>\n<li><strong>HEIMAT:<\/strong> <a href=\"\/#parc-de-la-mar\" target=\"_self\" rel=\"noopener noreferrer\"><span class=\"fancy-underline\">Parc de la mar<\/span><\/a><\/li>\n<li><a href=\"\/#catedral\" target=\"_self\" rel=\"noopener noreferrer\">Kathedrale<\/a><\/li>\n<li><a href=\"\/#almudaina\" target=\"_self\" rel=\"noopener noreferrer\">Almudaina-Palast<\/a><\/li>\n<li><a href=\"\/#cort\" target=\"_self\" rel=\"noopener noreferrer\">Der Stadtrat<\/a><\/li>\n<li><a href=\"\/#plaza-mayor\" target=\"_self\" rel=\"noopener noreferrer\">Plaza Mayor<\/a><\/li>\n<li><a href=\"\/#sant-miquel\" target=\"_self\" rel=\"noopener noreferrer\">Kirchen (San Miguel, Santa Eulalia&#8230;)<\/a><\/li>\n<li><a href=\"\/#barrio-judio\" target=\"_self\" rel=\"noopener noreferrer\">Judenviertel<\/a><\/li>\n<\/ul>\n\n\t\t<\/div>\n\t\t\t\t\n<style>\n#col-1084328890 > .col-inner {\n  padding: 0 0px 0px 0px;\n  margin: 0 0px 0px 0px;\n}\n<\/style>\n\t<\/div>\n\n\t\n\n\t<div id=\"col-98552825\" class=\"col medium-6 small-12 large-6\"  >\n\t\t\t\t<div class=\"col-inner\"  >\n\t\t\t\n\t\t\t\n\n<ul>\n<li><a href=\"\/#modernistas\" target=\"_self\" rel=\"noopener noreferrer\">Modernistische Geb\u00e4ude<\/a><\/li>\n<li><a href=\"\/#patios\" target=\"_self\" rel=\"noopener noreferrer\">Ber\u00fchmte mallorquinische Innenh\u00f6fe von Herrenh\u00e4usern<\/a><\/li>\n<li><a href=\"\/#olivar\" target=\"_self\" rel=\"noopener noreferrer\">Der &#8220;Olivar&#8221;-Markt<\/a><\/li>\n<li><a href=\"\/#sant-miquel\" target=\"_self\" rel=\"noopener noreferrer\">Stra\u00dfe San Miguel<\/a><\/li>\n<li><span style=\"color: #282828;\">ENDE:<\/span><span class=\"fancy-underline\"><a href=\"\/#plaza-espa\u00f1a\" target=\"_self\" rel=\"noopener noreferrer\"> Plaza Espa\u00f1a<\/a><\/span><\/li>\n<\/ul>\n\n\t\t<\/div>\n\t\t\t\t\n<style>\n#col-98552825 > .col-inner {\n  margin: 0px 0px 38px 0px;\n}\n<\/style>\n\t<\/div>\n\n\t\n\n\n<style>\n#row-287410248 > .col > .col-inner {\n  padding: 0px 0px 0px 0px;\n}\n<\/style>\n<\/div>\n\n<\/div>\n<div id=\"tab_die-karte-sehen\" class=\"panel entry-content\" role=\"tabpanel\" aria-labelledby=\"tab-die-karte-sehen\">\n\n<p><iframe loading=\"lazy\" src=\"https:\/\/www.google.com\/maps\/d\/u\/0\/embed?mid=1LjyYFlf_xDdy0U9XqYS3KFdy5MsAn6g4\" width=\"640\" height=\"480\"><\/iframe><\/p>\n\n<\/div><\/div><\/div>\n\n\t\t<\/div>\n\t\t\t\t\t<\/div>\n\n\t\n\n<\/div>\n\n\t\t<\/div>\n\t\t\t\t\t<\/div>\n\n\t\n\n<\/div>\n<div class=\"row row-small row-full-width align-equal align-center\"  id=\"row-1791280890\">\n\n\n\t<div id=\"col-1130557120\" class=\"col medium-4 small-12 large-4\"  >\n\t\t\t\t<div class=\"col-inner\"  >\n\t\t\t\n\t\t\t\n\n\t<div class=\"img has-hover x md-x lg-x y md-y lg-y\" id=\"image_1399955405\">\n\t\t\t\t\t\t\t\t<div class=\"img-inner dark\" >\n\t\t\t<img loading=\"lazy\" decoding=\"async\" width=\"1020\" height=\"765\" src=\"https:\/\/www.mallorcafreetour.com\/wp-content\/uploads\/2020\/12\/plaza-mayor-1067x800.jpg\" class=\"attachment-large size-large\" alt=\"\" srcset=\"https:\/\/www.mallorcafreetour.com\/wp-content\/uploads\/2020\/12\/plaza-mayor-1067x800.jpg 1067w, https:\/\/www.mallorcafreetour.com\/wp-content\/uploads\/2020\/12\/plaza-mayor-533x400.jpg 533w, https:\/\/www.mallorcafreetour.com\/wp-content\/uploads\/2020\/12\/plaza-mayor-768x576.jpg 768w, https:\/\/www.mallorcafreetour.com\/wp-content\/uploads\/2020\/12\/plaza-mayor-1536x1152.jpg 1536w, https:\/\/www.mallorcafreetour.com\/wp-content\/uploads\/2020\/12\/plaza-mayor-2048x1536.jpg 2048w\" sizes=\"auto, (max-width: 1020px) 100vw, 1020px\" \/>\t\t\t\t\t\t\n\t\t\t\t\t<\/div>\n\t\t\t\t\t\t\t\t\n<style>\n#image_1399955405 {\n  width: 100%;\n}\n<\/style>\n\t<\/div>\n\t\n\n\n\t\t<\/div>\n\t\t\t\t\t<\/div>\n\n\t\n\n\t<div id=\"col-77925346\" class=\"col medium-6 small-12 large-6\"  >\n\t\t\t\t<div class=\"col-inner\"  >\n\t\t\t\n\t\t\t\n\n<h3 style=\"font-size: 150%; text-align: center;\" data-text-color=\"secondary\">Detail der Strecke von Free Tour Mallorca<\/h3>\n<div>Die <strong>Free Tour Mallorca<\/strong> Tour beantwortet die Frage, <strong>was Sie w\u00e4hrend Ihres Aufenthalts auf Mallorca<\/strong> sehen und unternehmen k\u00f6nnen.<\/div>\n<div>\u00a0<\/div>\n<div>Wir empfehlen Ihnen, Ihre Reise mit unseren <strong>offiziellen<\/strong> und <strong>100% mallorquinischen Reisef\u00fchrern<\/strong> zu beginnen, die Sie in die mallorquinische Kultur und Geschichte einf\u00fchren und beginnen, Mallorca aus der Perspektive eines erfahrenen Reisenden zu sehen, der Orte zum Essen, Anekdoten zum Mitnehmen entdeckt und die Stadt wie ein echter Mallorquiner erlebt.<\/div>\n\n\t\t<\/div>\n\t\t\t\t\t<\/div>\n\n\t\n\n\t<div id=\"col-1705324683\" class=\"col medium-10 large-10\"  >\n\t\t\t\t<div class=\"col-inner\"  >\n\t\t\t\n\t\t\t\n\n<span class=\"scroll-to\" data-label=\"Scroll to: #que-ver\" data-bullet=\"false\" data-link=\"#que-ver\" data-title=\"que-ver\" ><a name=\"que-ver\"><\/a><\/span>\n\n<span class=\"scroll-to\" data-label=\"Scroll to: #detalle-recorrido\" data-bullet=\"false\" data-link=\"#detalle-recorrido\" data-title=\"detalle-recorrido\" ><a name=\"detalle-recorrido\"><\/a><\/span>\n\n<h3 style=\"font-size: 150%; text-align: center;\" data-text-color=\"secondary\">Was gibt es in Palma de Mallorca zu sehen?<\/h3>\n<p style=\"font-size: 110%;\">Mallorca Free Tour ist ein gef\u00fchrter Rundgang durch die Altstadt von Palma, bei dem Sie nicht nur erfahren, was es in der Stadt zu sehen und zu unternehmen gibt, sondern auch in die Geschichte Mallorcas eintauchen.<\/p>\n<p style=\"font-size: 110%;\">Von der Errichtung der <strong>r\u00f6mischen<\/strong> Stadt Palma, ihrer Umwandlung in <strong>&#8220;Madina Mayurqa&#8221;<\/strong>, eine der gr\u00f6\u00dften St\u00e4dte in al-Andalus, bis zur christlichen R\u00fcckeroberung der Stadt durch Jaume I. als <strong>&#8220;Ciutat de Mallorca&#8221;<\/strong>, Hauptstadt des K\u00f6nigreichs Mallorca.<\/p>\n<p style=\"font-size: 110%;\">Bei dieser <strong>kostenlosen F\u00fchrung<\/strong> sehen Sie die wichtigsten Denkm\u00e4ler und Sehensw\u00fcrdigkeiten von Palma, Stra\u00dfen, Geb\u00e4ude und Ecken, wo wir Ihnen mit Hilfe von visuellen Elementen die architektonische und historische Entwicklung der Altstadt von Palma erkl\u00e4ren und zeigen.<\/p>\n<p style=\"font-size: 110%;\">Ein kompletter Rundgang voller Anekdoten, Kuriosit\u00e4ten, Legenden und au\u00dfergew\u00f6hnlicher Episoden Mallorcas. Los geht&#8217;s!<\/p>\n\n\t\t<\/div>\n\t\t\t\t\n<style>\n#col-1705324683 > .col-inner {\n  padding: 0px 0px 0px 0px;\n}\n<\/style>\n\t<\/div>\n\n\t\n\n\t<div id=\"col-1281554205\" class=\"col small-12 large-12\"  data-animate=\"bounceIn\">\n\t\t\t\t<div class=\"col-inner text-center\"  >\n\t\t\t\n\t\t\t\n\n<h2 class=\"alt-font\" style=\"text-align: center;\" data-text-color=\"secondary\"><span data-text-color=\"primary\">Entdecken Sie Palma de Mallorca mit Mallorca Free Tour<\/span><\/h2>\n\n\t\t<\/div>\n\t\t\t\t\t<\/div>\n\n\t\n\n<\/div>\n\n\t\t<\/div>\n\n\t\t\n<style>\n#section_180582293 {\n  padding-top: 30px;\n  padding-bottom: 30px;\n}\n<\/style>\n\t<\/section>\n\t\n\n\t<section class=\"section Parc-de-la-mar\" id=\"section_1371950586\">\n\t\t<div class=\"section-bg fill\" >\n\t\t\t\t\t\t\t\t\t<div class=\"section-bg-overlay absolute fill\"><\/div>\n\t\t\t\n\n\t\t<\/div>\n\n\t\t\n\n\t\t<div class=\"section-content relative\">\n\t\t\t\n\n<span class=\"scroll-to\" data-label=\"Scroll to: #parc-de-la-mar\" data-bullet=\"false\" data-link=\"#parc-de-la-mar\" data-title=\"parc-de-la-mar\" ><a name=\"parc-de-la-mar\"><\/a><\/span>\n\n<div class=\"row row-large align-middle\"  id=\"row-477138543\">\n\n\n\t<div id=\"col-660978051\" class=\"col medium-6 small-12 large-6\"  >\n\t\t\t\t<div class=\"col-inner\"  >\n\t\t\t\n\t\t\t\n\n\t<div class=\"img has-hover x md-x lg-x y md-y lg-y\" id=\"image_2079842274\">\n\t\t\t\t\t\t\t\t<div class=\"img-inner dark\" >\n\t\t\t<img loading=\"lazy\" decoding=\"async\" width=\"1020\" height=\"683\" src=\"https:\/\/www.mallorcafreetour.com\/wp-content\/uploads\/2020\/12\/parc-de-la-mar-y-catedral.jpg\" class=\"attachment-large size-large\" alt=\"\" srcset=\"https:\/\/www.mallorcafreetour.com\/wp-content\/uploads\/2020\/12\/parc-de-la-mar-y-catedral.jpg 1172w, https:\/\/www.mallorcafreetour.com\/wp-content\/uploads\/2020\/12\/parc-de-la-mar-y-catedral-597x400.jpg 597w, https:\/\/www.mallorcafreetour.com\/wp-content\/uploads\/2020\/12\/parc-de-la-mar-y-catedral-768x514.jpg 768w\" sizes=\"auto, (max-width: 1020px) 100vw, 1020px\" \/>\t\t\t\t\t\t\n\t\t\t\t\t<\/div>\n\t\t\t\t\t\t\t\t\n<style>\n#image_2079842274 {\n  width: 100%;\n}\n<\/style>\n\t<\/div>\n\t\n\n\t<div class=\"img has-hover x md-x lg-x y md-y lg-y\" id=\"image_825171233\">\n\t\t\t\t\t\t\t\t<div class=\"img-inner dark\" >\n\t\t\t<img loading=\"lazy\" decoding=\"async\" width=\"1020\" height=\"765\" src=\"https:\/\/www.mallorcafreetour.com\/wp-content\/uploads\/2020\/12\/parc-de-la-mar-1067x800.jpg\" class=\"attachment-large size-large\" alt=\"\" srcset=\"https:\/\/www.mallorcafreetour.com\/wp-content\/uploads\/2020\/12\/parc-de-la-mar-1067x800.jpg 1067w, https:\/\/www.mallorcafreetour.com\/wp-content\/uploads\/2020\/12\/parc-de-la-mar-533x400.jpg 533w, https:\/\/www.mallorcafreetour.com\/wp-content\/uploads\/2020\/12\/parc-de-la-mar-768x576.jpg 768w, https:\/\/www.mallorcafreetour.com\/wp-content\/uploads\/2020\/12\/parc-de-la-mar-1536x1152.jpg 1536w, https:\/\/www.mallorcafreetour.com\/wp-content\/uploads\/2020\/12\/parc-de-la-mar-2048x1536.jpg 2048w\" sizes=\"auto, (max-width: 1020px) 100vw, 1020px\" \/>\t\t\t\t\t\t\n\t\t\t\t\t<\/div>\n\t\t\t\t\t\t\t\t\n<style>\n#image_825171233 {\n  width: 100%;\n}\n<\/style>\n\t<\/div>\n\t\n\n\n\t\t<\/div>\n\t\t\t\t\t<\/div>\n\n\t\n\n\t<div id=\"col-316023859\" class=\"col medium-6 small-12 large-6\"  >\n\t\t\t\t<div class=\"col-inner text-left\"  >\n\t\t\t\n\t\t\t\n\n<h2 style=\"text-align: center;\" data-text-color=\"secondary\"><strong>Der Parc de la Mar, Treffpunkt<\/strong><\/h2>\n<p>Wir treffen uns um <strong>11:00<\/strong> <strong>Uhr<\/strong> an der <strong>Touristeninformation<\/strong> im <a href=\"https:\/\/goo.gl\/maps\/VZEHLnGjE6q\"><strong>Parc de la Mar<\/strong><\/a>, direkt unterhalb der Kathedrale, um die kostenlose Tour zu beginnen und die Stadt Palma de Mallorca zu besichtigen.<\/p>\n<p>Nach dem Bau der Autobahn und des Paseo Mar\u00edtimo entstand eine gro\u00dfe L\u00fccke zur alten Strandpromenade. Um die wunderbare Erinnerung an das Meer, das die Mauer umsp\u00fclt, und das Bild der Kathedrale im Meer zu erhalten, musste ein See angelegt werden, in dem sich die Kathedrale spiegeln w\u00fcrde. Und darum herum ein Park, der Parc de la Mar.<\/p>\n<h3 style=\"text-align: center;\">Ein wenig Geschichte des Parc de la Mar<\/h3>\n<p>Der emblematische Parc de la Mar, heute Veranstaltungsort f\u00fcr Festivals, Konzerte und zahlreiche mallorquinische Events, wurde 1984 mit dem Ruf &#8220;Parc s\u00ed, parquing no!&#8221; eingeweiht, und an seiner Geschichte nahmen so bedeutende Pers\u00f6nlichkeiten wie der Maler Joan Mir\u00f3 teil.<\/p>\n<p>Der Park, der sich am Fu\u00dfe der Stadtmauern erstreckt, umfasst eine Fl\u00e4che von etwa neun Hektar, was neun Fu\u00dfballfeldern entspricht.<\/p>\n<p>Um die Show zu genie\u00dfen und herauszufinden, <strong>was es in Palma zu sehen gibt<\/strong>, erwarten wir Sie um <strong>11:00 Uhr<\/strong> bei Mallorca Free Tour.<\/p>\n\n\t\t<\/div>\n\t\t\t\t\t<\/div>\n\n\t\n\n<\/div>\n\n\t\t<\/div>\n\n\t\t\n<style>\n#section_1371950586 {\n  padding-top: 30px;\n  padding-bottom: 30px;\n  background-color: rgb(255, 255, 255);\n}\n#section_1371950586 .section-bg-overlay {\n  background-color: rgba(255, 255, 255, 0.85);\n}\n<\/style>\n\t<\/section>\n\t\n\n\t<section class=\"section\" id=\"section_2119817335\">\n\t\t<div class=\"section-bg fill\" >\n\t\t\t\t\t\t\t\t\t<div class=\"section-bg-overlay absolute fill\"><\/div>\n\t\t\t\n\n\t\t<\/div>\n\n\t\t\n\n\t\t<div class=\"section-content relative\">\n\t\t\t\n\n<span class=\"scroll-to\" data-label=\"Scroll to: #almudaina\" data-bullet=\"false\" data-link=\"#almudaina\" data-title=\"almudaina\" ><a name=\"almudaina\"><\/a><\/span>\n\n<div class=\"row row-large align-middle\"  id=\"row-39817396\">\n\n\n\t<div id=\"col-237685547\" class=\"col medium-6 small-12 large-6\"  >\n\t\t\t\t<div class=\"col-inner text-left\"  >\n\t\t\t\n\t\t\t\n\n<h2 style=\"text-align: center;\" data-text-color=\"secondary\"><strong>Der K\u00f6nigspalast l&#8217;Almudaina<\/strong><\/h2>\n<p>Nach dem Parc de la Mar und einer einf\u00fchrenden Erkl\u00e4rung \u00fcber die Entwicklung der Stadt Palma, in den palastartigen G\u00e4rten von s&#8217;Hort des Rei vor der Statue Es Foner, stehen wir vor dem <a href=\"https:\/\/www.patrimonionacional.es\/en\/visita\/royal-palace-la-almudaina\">Palast von L&#8217;Almudaina.<\/a><\/p>\n<p>L&#8217;Almudaina ist der K\u00f6nigspalast oder k\u00f6nigliche Alcazar der Stadt Palma und geh\u00f6rt zum nationalen Kulturerbe. Auf Arabisch bedeutet Almudaina &#8220;Zitadelle&#8221;, &#8220;Festung&#8221; oder &#8220;ummauerte Anlage&#8221;.<\/p>\n<p>Diese Burg ist Teil der Geschichte Mallorcas, sie wurde von den R\u00f6mern und den Muslimen genutzt, und noch viel fr\u00fcher, in der talaiotischen Zeit. Die heutige Burg stammt aus dem Jahr 1281 und ist eine Modifikation der muslimischen Festung.<\/p>\n<h3 style=\"text-align: center;\"><strong>Geschichte und Anekdoten von La Almudaina<\/strong><\/h3>\n<p>Mit der Eroberung Mallorcas wurde der Sitz der Krone in der Almudaina eingerichtet und die maurischen Elemente wurden gr\u00f6\u00dftenteils abgerissen, so dass der gotische Stil Einzug hielt.<\/p>\n<p>Der mallorquinische Ausspruch &#8220;Te pareixes a s&#8217;angel de Palau&#8221; (Du siehst aus wie ein Engel von Palau), der im Spanischen mit &#8220;Du siehst aus wie eine Wetterfahne&#8221; \u00fcbersetzt wird, wurde auf dem h\u00f6chsten Turm von L&#8217;Angel geschaffen, der von einer Wetterfahne gekr\u00f6nt wird, die einen Engel darstellt.<\/p>\n<p>Eine weitere Anekdote: Wie der Palacio de Oriente und der Palacio de la Zarzuela in Madrid ist auch der Palacio Real de l&#8217;Almudaina die offizielle Sommerresidenz des K\u00f6nigs, obwohl er im Palacio de Marivent wohnt und ihn nur im Sommer f\u00fcr Staatsakte und Empf\u00e4nge nutzt.<\/p>\n<p>Wenn Sie mehr Anekdoten und Details \u00fcber den Almudaina-Palast erfahren m\u00f6chten, warten wir auf Sie in Mallorca Free Tour, wo Sie entdecken werden, was es auf Mallorca zu sehen gibt.<\/p>\n\n\t\t<\/div>\n\t\t\t\t\t<\/div>\n\n\t\n\n\t<div id=\"col-1184802732\" class=\"col medium-6 small-12 large-6\"  >\n\t\t\t\t<div class=\"col-inner\"  >\n\t\t\t\n\t\t\t\n\n\t<div class=\"img has-hover x md-x lg-x y md-y lg-y\" id=\"image_663088537\">\n\t\t\t\t\t\t\t\t<div class=\"img-inner dark\" >\n\t\t\t<img loading=\"lazy\" decoding=\"async\" width=\"1020\" height=\"765\" src=\"https:\/\/www.mallorcafreetour.com\/wp-content\/uploads\/2020\/12\/palacio-real-de-almudaina-1067x800.jpg\" class=\"attachment-large size-large\" alt=\"\" srcset=\"https:\/\/www.mallorcafreetour.com\/wp-content\/uploads\/2020\/12\/palacio-real-de-almudaina-1067x800.jpg 1067w, https:\/\/www.mallorcafreetour.com\/wp-content\/uploads\/2020\/12\/palacio-real-de-almudaina-533x400.jpg 533w, https:\/\/www.mallorcafreetour.com\/wp-content\/uploads\/2020\/12\/palacio-real-de-almudaina-768x576.jpg 768w, https:\/\/www.mallorcafreetour.com\/wp-content\/uploads\/2020\/12\/palacio-real-de-almudaina-1536x1152.jpg 1536w, https:\/\/www.mallorcafreetour.com\/wp-content\/uploads\/2020\/12\/palacio-real-de-almudaina-2048x1536.jpg 2048w\" sizes=\"auto, (max-width: 1020px) 100vw, 1020px\" \/>\t\t\t\t\t\t\n\t\t\t\t\t<\/div>\n\t\t\t\t\t\t\t\t\n<style>\n#image_663088537 {\n  width: 100%;\n}\n<\/style>\n\t<\/div>\n\t\n\n\t<div class=\"img has-hover x md-x lg-x y md-y lg-y\" id=\"image_1638836392\">\n\t\t\t\t\t\t\t\t<div class=\"img-inner dark\" >\n\t\t\t<img loading=\"lazy\" decoding=\"async\" width=\"1020\" height=\"765\" src=\"https:\/\/www.mallorcafreetour.com\/wp-content\/uploads\/2020\/12\/palacio-real-almudaina-1067x800.jpg\" class=\"attachment-large size-large\" alt=\"\" srcset=\"https:\/\/www.mallorcafreetour.com\/wp-content\/uploads\/2020\/12\/palacio-real-almudaina-1067x800.jpg 1067w, https:\/\/www.mallorcafreetour.com\/wp-content\/uploads\/2020\/12\/palacio-real-almudaina-533x400.jpg 533w, https:\/\/www.mallorcafreetour.com\/wp-content\/uploads\/2020\/12\/palacio-real-almudaina-768x576.jpg 768w, https:\/\/www.mallorcafreetour.com\/wp-content\/uploads\/2020\/12\/palacio-real-almudaina-1536x1152.jpg 1536w, https:\/\/www.mallorcafreetour.com\/wp-content\/uploads\/2020\/12\/palacio-real-almudaina-2048x1536.jpg 2048w\" sizes=\"auto, (max-width: 1020px) 100vw, 1020px\" \/>\t\t\t\t\t\t\n\t\t\t\t\t<\/div>\n\t\t\t\t\t\t\t\t\n<style>\n#image_1638836392 {\n  width: 100%;\n}\n<\/style>\n\t<\/div>\n\t\n\n\n\t\t<\/div>\n\t\t\t\t\t<\/div>\n\n\t\n\n<\/div>\n\n\t\t<\/div>\n\n\t\t\n<style>\n#section_2119817335 {\n  padding-top: 30px;\n  padding-bottom: 30px;\n  background-color: rgb(193, 193, 193);\n}\n#section_2119817335 .section-bg-overlay {\n  background-color: rgba(255, 255, 255, 0.85);\n}\n<\/style>\n\t<\/section>\n\t\n\n\t<section class=\"section\" id=\"section_1914101417\">\n\t\t<div class=\"section-bg fill\" >\n\t\t\t\t\t\t\t\t\t<div class=\"section-bg-overlay absolute fill\"><\/div>\n\t\t\t\n\n\t\t<\/div>\n\n\t\t\n\n\t\t<div class=\"section-content relative\">\n\t\t\t\n\n<span class=\"scroll-to\" data-label=\"Scroll to: #catedral\" data-bullet=\"false\" data-link=\"#catedral\" data-title=\"catedral\" ><a name=\"catedral\"><\/a><\/span>\n\n<div class=\"row row-large align-middle\"  id=\"row-2070030231\">\n\n\n\t<div id=\"col-1270969750\" class=\"col medium-6 small-12 large-6\"  >\n\t\t\t\t<div class=\"col-inner\"  >\n\t\t\t\n\t\t\t\n\n\t<div class=\"img has-hover x md-x lg-x y md-y lg-y\" id=\"image_1207512063\">\n\t\t\t\t\t\t\t\t<div class=\"img-inner dark\" >\n\t\t\t<img loading=\"lazy\" decoding=\"async\" width=\"1020\" height=\"767\" src=\"https:\/\/www.mallorcafreetour.com\/wp-content\/uploads\/2020\/12\/catedral-mallorca.jpg\" class=\"attachment-large size-large\" alt=\"\" srcset=\"https:\/\/www.mallorcafreetour.com\/wp-content\/uploads\/2020\/12\/catedral-mallorca.jpg 1064w, https:\/\/www.mallorcafreetour.com\/wp-content\/uploads\/2020\/12\/catedral-mallorca-532x400.jpg 532w, https:\/\/www.mallorcafreetour.com\/wp-content\/uploads\/2020\/12\/catedral-mallorca-768x577.jpg 768w\" sizes=\"auto, (max-width: 1020px) 100vw, 1020px\" \/>\t\t\t\t\t\t\n\t\t\t\t\t<\/div>\n\t\t\t\t\t\t\t\t\n<style>\n#image_1207512063 {\n  width: 100%;\n}\n<\/style>\n\t<\/div>\n\t\n\n\t<div class=\"img has-hover x md-x lg-x y md-y lg-y\" id=\"image_1865989399\">\n\t\t\t\t\t\t\t\t<div class=\"img-inner dark\" >\n\t\t\t<img loading=\"lazy\" decoding=\"async\" width=\"1020\" height=\"765\" src=\"https:\/\/www.mallorcafreetour.com\/wp-content\/uploads\/2020\/12\/interior-catedral-palma-1067x800.jpg\" class=\"attachment-large size-large\" alt=\"\" srcset=\"https:\/\/www.mallorcafreetour.com\/wp-content\/uploads\/2020\/12\/interior-catedral-palma-1067x800.jpg 1067w, https:\/\/www.mallorcafreetour.com\/wp-content\/uploads\/2020\/12\/interior-catedral-palma-533x400.jpg 533w, https:\/\/www.mallorcafreetour.com\/wp-content\/uploads\/2020\/12\/interior-catedral-palma-768x576.jpg 768w, https:\/\/www.mallorcafreetour.com\/wp-content\/uploads\/2020\/12\/interior-catedral-palma-1536x1152.jpg 1536w, https:\/\/www.mallorcafreetour.com\/wp-content\/uploads\/2020\/12\/interior-catedral-palma-2048x1536.jpg 2048w\" sizes=\"auto, (max-width: 1020px) 100vw, 1020px\" \/>\t\t\t\t\t\t\n\t\t\t\t\t<\/div>\n\t\t\t\t\t\t\t\t\n<style>\n#image_1865989399 {\n  width: 100%;\n}\n<\/style>\n\t<\/div>\n\t\n\n\t<div class=\"img has-hover x md-x lg-x y md-y lg-y\" id=\"image_599271856\">\n\t\t\t\t\t\t\t\t<div class=\"img-inner dark\" >\n\t\t\t<img loading=\"lazy\" decoding=\"async\" width=\"1020\" height=\"765\" src=\"https:\/\/www.mallorcafreetour.com\/wp-content\/uploads\/2020\/12\/roseton-mayor-catedral-1067x800.jpg\" class=\"attachment-large size-large\" alt=\"\" srcset=\"https:\/\/www.mallorcafreetour.com\/wp-content\/uploads\/2020\/12\/roseton-mayor-catedral-1067x800.jpg 1067w, https:\/\/www.mallorcafreetour.com\/wp-content\/uploads\/2020\/12\/roseton-mayor-catedral-533x400.jpg 533w, https:\/\/www.mallorcafreetour.com\/wp-content\/uploads\/2020\/12\/roseton-mayor-catedral-768x576.jpg 768w, https:\/\/www.mallorcafreetour.com\/wp-content\/uploads\/2020\/12\/roseton-mayor-catedral-1536x1152.jpg 1536w, https:\/\/www.mallorcafreetour.com\/wp-content\/uploads\/2020\/12\/roseton-mayor-catedral-2048x1536.jpg 2048w\" sizes=\"auto, (max-width: 1020px) 100vw, 1020px\" \/>\t\t\t\t\t\t\n\t\t\t\t\t<\/div>\n\t\t\t\t\t\t\t\t\n<style>\n#image_599271856 {\n  width: 100%;\n}\n<\/style>\n\t<\/div>\n\t\n\n\n\t\t<\/div>\n\t\t\t\t\t<\/div>\n\n\t\n\n\t<div id=\"col-860794800\" class=\"col medium-6 small-12 large-6\"  >\n\t\t\t\t<div class=\"col-inner text-left\"  >\n\t\t\t\n\t\t\t\n\n<h2 style=\"text-align: center;\" data-text-color=\"secondary\"><strong>\u00a0Die Kathedrale von Santa Maria de Mallorca<\/strong><\/h2>\n<p>Wir verlassen l&#8217;Almudaina und gehen die Treppe hinauf, die uns vor die <a href=\"https:\/\/catedraldemallorca.org\/en\/\">Kathedrale<\/a> f\u00fchrt.<\/p>\n<p>Die Kathedrale-Basilika Santa Maria de Palma de Mallorca, auch bekannt als Kathedrale von Mallorca, Kathedrale des Meeres, Kathedrale des Lichts oder La Seu auf Mallorquinisch, ist voll von Namen, Anekdoten und Kuriosit\u00e4ten.<\/p>\n<p>Sie \u00fcberblickt das Meer auf den r\u00f6mischen und Renaissance-Mauern, die die Stadt Palma sch\u00fctzten, und ist die einzige gotische Kathedrale, die diese Besonderheit erf\u00fcllt..<\/p>\n<h3 style=\"text-align: center;\"><strong>Geschichte der Kathedrale von Mallorca<\/strong><\/h3>\n<p>Ihr Bau wurde von Jakob I., K\u00f6nig von Aragonien und Graf von Barcelona, nach der Eroberung von Madina Mayurqa im Jahr 1229 begonnen, das seit 903 in muslimischer Hand war.<\/p>\n<p>Er beschloss, die alte Moschee abzurei\u00dfen, um eine gro\u00dfe, der heiligen Maria geweihte Kirche zu errichten, offenbar in Erf\u00fcllung eines Versprechens, das er gegeben hatte, nachdem er von einem Schiffbruch auf See gerettet worden war.<\/p>\n<p>Erst 1630, also fast vier Jahrhunderte sp\u00e4ter, wurde der Bau abgeschlossen.<\/p>\n<p>Es wurde mehrfach restauriert, aber die Eingriffe von Gaud\u00ed im Jahr 1904 und von Miquel Barcel\u00f3 im Jahr 2007 stechen besonders hervor.<\/p>\n<h3 style=\"text-align: center;\"><strong>Das gro\u00dfe Rosenfenster der Kathedrale<\/strong><\/h3>\n<p>Ihre als &#8220;Auge der Gotik&#8221; bekannte Rosette ist mit einem Durchmesser von rund 13 Metern die gr\u00f6\u00dfte der gotischen Kathedralen im Mittelmeerraum. Mit ihren 1.236 Kristallen bietet sie verschiedene Lichteffekte wie das Spektakel &#8220;Vuit&#8221; (Acht) oder &#8220;Festival des Lichts&#8221;, bei dem die Reflexion der gr\u00f6\u00dften Rosette unter die gegen\u00fcberliegende Rosette projiziert wird und so eine Acht bildet.<\/p>\n<p>Diese Ausstellung findet nur zweimal im Jahr statt (am 2. Februar und am 11. November) und zieht mehr als 2.000 Menschen an.<\/p>\n<p>Wir k\u00f6nnten viele Zeilen \u00fcber die Kathedrale schreiben, aber wir ziehen es vor, einige davon der Free Tour zu \u00fcberlassen, in der Sie entdecken werden, was es auf Mallorca zu sehen gibt.<\/p>\n\n\t\t<\/div>\n\t\t\t\t\t<\/div>\n\n\t\n\n<\/div>\n\n\t\t<\/div>\n\n\t\t\n<style>\n#section_1914101417 {\n  padding-top: 60px;\n  padding-bottom: 60px;\n  background-color: rgb(255, 255, 255);\n}\n#section_1914101417 .section-bg-overlay {\n  background-color: rgba(255, 255, 255, 0.85);\n}\n<\/style>\n\t<\/section>\n\t\n\n\t<section class=\"section\" id=\"section_498127945\">\n\t\t<div class=\"section-bg fill\" >\n\t\t\t\t\t\t\t\t\t<div class=\"section-bg-overlay absolute fill\"><\/div>\n\t\t\t\n\n\t\t<\/div>\n\n\t\t\n\n\t\t<div class=\"section-content relative\">\n\t\t\t\n\n<span class=\"scroll-to\" data-label=\"Scroll to: #barrio-judio\" data-bullet=\"false\" data-link=\"#barrio-judio\" data-title=\"barrio-judio\" ><a name=\"barrio-judio\"><\/a><\/span>\n\n<div class=\"row row-large align-middle\"  id=\"row-1793805824\">\n\n\n\t<div id=\"col-292171808\" class=\"col medium-6 small-12 large-6\"  >\n\t\t\t\t<div class=\"col-inner text-left\"  >\n\t\t\t\n\t\t\t\n\n<h2 style=\"text-align: center;\" data-text-color=\"secondary\"><strong>Das j\u00fcdische Viertel oder <em>Call Jueu<\/em><\/strong><\/h2>\n<p>In unmittelbarer N\u00e4he der Kathedrale gelegen, zeichnet sich das j\u00fcdische Viertel durch seine Ruhe, den Frieden und die Gelassenheit aus, die man in seinen Stra\u00dfen und Gassen einatmen kann.<\/p>\n<p>Geschichte, Geheimnisse und Anekdoten umgeben Mallorcas j\u00fcdische Gemeinde, die bis in die R\u00f6merzeit zur\u00fcckreicht.<\/p>\n<h3 style=\"text-align: center;\"><strong>Geschichte und Anekdoten des <em>Call Jueu<\/em><\/strong><\/h3>\n<p>W\u00e4hrend des Mittelalters und eines Teils der Neuzeit gab es in der Stadt Palma zwei Calls jueus, eine Bezeichnung f\u00fcr die j\u00fcdischen Viertel in den Gebieten der Krone von Aragonien, die in aljamas organisiert waren und nur der k\u00f6niglichen Autorit\u00e4t unterstanden.<\/p>\n<p>Im 14. Jahrhundert z\u00e4hlte die j\u00fcdische Gemeinde auf Mallorca in manchen Jahren etwa 3.000 Personen (ca. 15 % der Stadtbev\u00f6lkerung).<\/p>\n<p>Im Jahr 1391 endete der Bauernaufstand mit der Erst\u00fcrmung des Call Major in der Stadt Mallorca. Zu Ostern 1435 endete schlie\u00dflich die offizielle Existenz der Juden auf der Insel.<\/p>\n<p>Seit dem 17. Jahrhundert wurden die Nachkommen j\u00fcdischer Konvertiten als &#8220;Xuetes&#8221; (eine Mischung aus dem katalanischen Wort juet\u00f3 und dem mallorquinischen Wort &#8220;xuia&#8221; (Speck), das abwertend verwendet wird) bezeichnet und bis zur ersten H\u00e4lfte des 20.<\/p>\n<p>Um die j\u00fcdische Gemeinde in Palma de Mallorca ranken sich eine Menge Geschichte, Geheimnisse und Anekdoten. Entdecken Sie das j\u00fcdische Viertel mit Mallorca Free Tour und was es auf Mallorca zu sehen gibt.<\/p>\n\n\t\t<\/div>\n\t\t\t\t\t<\/div>\n\n\t\n\n\t<div id=\"col-1966413607\" class=\"col medium-6 small-12 large-6\"  >\n\t\t\t\t<div class=\"col-inner\"  >\n\t\t\t\n\t\t\t\n\n\t<div class=\"img has-hover x md-x lg-x y md-y lg-y\" id=\"image_601212312\">\n\t\t\t\t\t\t\t\t<div class=\"img-inner dark\" >\n\t\t\t<img loading=\"lazy\" decoding=\"async\" width=\"400\" height=\"300\" src=\"https:\/\/www.mallorcafreetour.com\/wp-content\/uploads\/2020\/12\/barrio-judio-visitas-guiadas.jpg\" class=\"attachment-large size-large\" alt=\"\" \/>\t\t\t\t\t\t\n\t\t\t\t\t<\/div>\n\t\t\t\t\t\t\t\t\n<style>\n#image_601212312 {\n  width: 100%;\n}\n<\/style>\n\t<\/div>\n\t\n\n\t<div class=\"img has-hover x md-x lg-x y md-y lg-y\" id=\"image_1562957888\">\n\t\t\t\t\t\t\t\t<div class=\"img-inner dark\" >\n\t\t\t<img loading=\"lazy\" decoding=\"async\" width=\"400\" height=\"300\" src=\"https:\/\/www.mallorcafreetour.com\/wp-content\/uploads\/2020\/12\/free-tour-barrio-judio-mallorca.jpg\" class=\"attachment-large size-large\" alt=\"\" \/>\t\t\t\t\t\t\n\t\t\t\t\t<\/div>\n\t\t\t\t\t\t\t\t\n<style>\n#image_1562957888 {\n  width: 100%;\n}\n<\/style>\n\t<\/div>\n\t\n\n\n\t\t<\/div>\n\t\t\t\t\t<\/div>\n\n\t\n\n<\/div>\n\n\t\t<\/div>\n\n\t\t\n<style>\n#section_498127945 {\n  padding-top: 60px;\n  padding-bottom: 60px;\n  background-color: rgb(193, 193, 193);\n}\n#section_498127945 .section-bg-overlay {\n  background-color: rgba(255, 255, 255, 0.85);\n}\n<\/style>\n\t<\/section>\n\t\n\n\t<section class=\"section\" id=\"section_1052784774\">\n\t\t<div class=\"section-bg fill\" >\n\t\t\t\t\t\t\t\t\t<div class=\"section-bg-overlay absolute fill\"><\/div>\n\t\t\t\n\n\t\t<\/div>\n\n\t\t\n\n\t\t<div class=\"section-content relative\">\n\t\t\t\n\n<span class=\"scroll-to\" data-label=\"Scroll to: #patios\" data-bullet=\"false\" data-link=\"#patios\" data-title=\"patios\" ><a name=\"patios\"><\/a><\/span>\n\n<div class=\"row row-large align-middle\"  id=\"row-1389150045\">\n\n\n\t<div id=\"col-620241877\" class=\"col medium-6 small-12 large-6\"  >\n\t\t\t\t<div class=\"col-inner\"  >\n\t\t\t\n\t\t\t\n\n\t<div class=\"img has-hover x md-x lg-x y md-y lg-y\" id=\"image_926676563\">\n\t\t\t\t\t\t\t\t<div class=\"img-inner dark\" >\n\t\t\t<img loading=\"lazy\" decoding=\"async\" width=\"1020\" height=\"765\" src=\"https:\/\/www.mallorcafreetour.com\/wp-content\/uploads\/2020\/12\/patio-mallorquin-can-oms-1067x800.jpg\" class=\"attachment-large size-large\" alt=\"\" srcset=\"https:\/\/www.mallorcafreetour.com\/wp-content\/uploads\/2020\/12\/patio-mallorquin-can-oms-1067x800.jpg 1067w, https:\/\/www.mallorcafreetour.com\/wp-content\/uploads\/2020\/12\/patio-mallorquin-can-oms-533x400.jpg 533w, https:\/\/www.mallorcafreetour.com\/wp-content\/uploads\/2020\/12\/patio-mallorquin-can-oms-768x576.jpg 768w, https:\/\/www.mallorcafreetour.com\/wp-content\/uploads\/2020\/12\/patio-mallorquin-can-oms-1536x1152.jpg 1536w, https:\/\/www.mallorcafreetour.com\/wp-content\/uploads\/2020\/12\/patio-mallorquin-can-oms-2048x1536.jpg 2048w\" sizes=\"auto, (max-width: 1020px) 100vw, 1020px\" \/>\t\t\t\t\t\t\n\t\t\t\t\t<\/div>\n\t\t\t\t\t\t\t\t\n<style>\n#image_926676563 {\n  width: 100%;\n}\n<\/style>\n\t<\/div>\n\t\n\n\t<div class=\"img has-hover x md-x lg-x y md-y lg-y\" id=\"image_1437304313\">\n\t\t\t\t\t\t\t\t<div class=\"img-inner dark\" >\n\t\t\t<img loading=\"lazy\" decoding=\"async\" width=\"1020\" height=\"765\" src=\"https:\/\/www.mallorcafreetour.com\/wp-content\/uploads\/2020\/12\/patio-mallorquin-can-vivot-1067x800.jpg\" class=\"attachment-large size-large\" alt=\"\" srcset=\"https:\/\/www.mallorcafreetour.com\/wp-content\/uploads\/2020\/12\/patio-mallorquin-can-vivot-1067x800.jpg 1067w, https:\/\/www.mallorcafreetour.com\/wp-content\/uploads\/2020\/12\/patio-mallorquin-can-vivot-533x400.jpg 533w, https:\/\/www.mallorcafreetour.com\/wp-content\/uploads\/2020\/12\/patio-mallorquin-can-vivot-768x576.jpg 768w, https:\/\/www.mallorcafreetour.com\/wp-content\/uploads\/2020\/12\/patio-mallorquin-can-vivot-1536x1152.jpg 1536w, https:\/\/www.mallorcafreetour.com\/wp-content\/uploads\/2020\/12\/patio-mallorquin-can-vivot-2048x1536.jpg 2048w\" sizes=\"auto, (max-width: 1020px) 100vw, 1020px\" \/>\t\t\t\t\t\t\n\t\t\t\t\t<\/div>\n\t\t\t\t\t\t\t\t\n<style>\n#image_1437304313 {\n  width: 100%;\n}\n<\/style>\n\t<\/div>\n\t\n\n\n\t\t<\/div>\n\t\t\t\t\t<\/div>\n\n\t\n\n\t<div id=\"col-1614475303\" class=\"col medium-6 small-12 large-6\"  >\n\t\t\t\t<div class=\"col-inner text-left\"  >\n\t\t\t\n\t\t\t\n\n<h2 style=\"text-align: center;\" data-text-color=\"secondary\"><strong>Die mallorquinischen Innenh\u00f6fe<\/strong><\/h2>\n<p>Zweifellos eine der Antworten auf die Frage, was man auf Mallorca sehen sollte, und oft \u00fcbersehen, sind die mallorquinischen Innenh\u00f6fe. Sehr charakteristisch f\u00fcr die Stadt, in der Altstadt, k\u00f6nnen Sie sowohl gro\u00dfe als auch kleine Innenh\u00f6fe finden.<\/p>\n<p>Palma gilt als die Stadt der Innenh\u00f6fe. Die Altstadt w\u00e4re nicht dieselbe ohne die Innenh\u00f6fe der alten Herrenh\u00e4user, die ein Symbol f\u00fcr Macht und sozialen Status sind. Schriftsteller und Chronisten weisen \u00fcbereinstimmend darauf hin, dass die Architektur Palmas einen ihrer wichtigsten Bezugspunkte in diesen Stadth\u00e4usern hat.<\/p>\n<h3 style=\"text-align: center;\"><strong>Geschichte und Anekdoten der mallorquinischen Innenh\u00f6fe<\/strong><\/h3>\n<p>Mallorca als Insel mit strategischer Lage im Mittelmeer hat den Bau von Wohnh\u00e4usern mit Innenh\u00f6fen als nat\u00fcrlichste Bauweise \u00fcbernommen, deren Urspr\u00fcnge auf den H\u00e4usern der r\u00f6mischen, maurischen und katalanischen Kultur beruhen.<\/p>\n<p>Der Innenhof von Palma ist ein Raum, der auf halbem Weg zwischen Stra\u00dfe und Haus liegt, alle haben eine \u00e4hnliche Struktur und hatten eine soziale Funktion der &#8220;offenen T\u00fcr&#8221;.<\/p>\n<p>Die Geschichte der Innenh\u00f6fe von Palma reicht bis ins 13. Jahrhundert zur\u00fcck. Die \u00e4ltesten \u00fcberlieferten Innenh\u00f6fe stammen aus dem 14. und 15. Jahrhundert. In einem Dokument aus dem fr\u00fchen 19. Jahrhundert, das dem Stadtarchiv von Palma entnommen wurde, sind mehr als 500 aufgef\u00fchrt.<\/p>\n<p>Heute sind sie in institutionelle Geb\u00e4ude, Museen und in vielen F\u00e4llen in unabh\u00e4ngige Wohnungen umgewandelt worden, in denen die Einwohner Palmas leben.<\/p>\n<p><strong>Zweifellos riefen und rufen sie immer noch Bewunderung bei denjenigen hervor, die das Vergn\u00fcgen haben, sie zu betrachten. Wenn man nach Sehensw\u00fcrdigkeiten auf Mallorca sucht, kommt man an den Innenh\u00f6fen nicht vorbei.<\/strong><\/p>\n\n\t\t<\/div>\n\t\t\t\t\t<\/div>\n\n\t\n\n<\/div>\n\n\t\t<\/div>\n\n\t\t\n<style>\n#section_1052784774 {\n  padding-top: 60px;\n  padding-bottom: 60px;\n  background-color: rgb(255, 255, 255);\n}\n#section_1052784774 .section-bg-overlay {\n  background-color: rgba(255, 255, 255, 0.85);\n}\n<\/style>\n\t<\/section>\n\t\n\n\t<section class=\"section\" id=\"section_519627315\">\n\t\t<div class=\"section-bg fill\" >\n\t\t\t\t\t\t\t\t\t<div class=\"section-bg-overlay absolute fill\"><\/div>\n\t\t\t\n\n\t\t<\/div>\n\n\t\t\n\n\t\t<div class=\"section-content relative\">\n\t\t\t\n\n<span class=\"scroll-to\" data-label=\"Scroll to: #eulalia\" data-bullet=\"false\" data-link=\"#eulalia\" data-title=\"eulalia\" ><a name=\"eulalia\"><\/a><\/span>\n\n<div class=\"row row-large align-middle\"  id=\"row-1604128637\">\n\n\n\t<div id=\"col-379459887\" class=\"col medium-6 small-12 large-6\"  >\n\t\t\t\t<div class=\"col-inner text-left\"  >\n\t\t\t\n\t\t\t\n\n<h2 style=\"text-align: center;\" data-text-color=\"secondary\"><strong>Die Pfarrkirche von Santa Eul\u00e0lia<\/strong><\/h2>\n<p>Nach dem Besuch des mallorquinischen Innenhofs von Can Vivot hielten wir vor der Kirche Santa Eul\u00e0lia, die zusammen mit den Kirchen San Miquel, Sant Jaume und Santa Creu zu den \u00e4ltesten Kirchen Palmas geh\u00f6rt und ein Muss auf Mallorca ist. Sie ist auch eine der Pfarreien, in die Ciutat de Mallorca aufgeteilt wurde.<\/p>\n<h3 style=\"text-align: center;\"><strong>Geschichte der Pfarrei Santa Eul\u00e0lia<\/strong><\/h3>\n<p>Sie ist nach dem Schutzheiligen von Barcelona benannt, der von den Katalanen sehr geliebt wird. Von historischer Bedeutung f\u00fcr das K\u00f6nigreich Mallorca, wo die Kr\u00f6nung von Jaume II und Jaume III zu K\u00f6nigen von Mallorca gefeiert wurde.<\/p>\n<p>Sie wurde im 13. Jahrhundert erbaut, aber ihre Fassade und ihr Glockenturm stehen im Gegensatz dazu, da sie im 19. Jahrhundert aufgrund des Erdbebens, das 1851 auf Mallorca stattfand, umgebaut wurden.<\/p>\n<p>Auf den Terrassen rund um die Kirche sind zahlreiche Wasserspeier zu sehen, repr\u00e4sentative Figuren aus dem Mittelalter mit Darstellungen von Ungeheuern, D\u00e4monen und Drachen, deren symbolische Funktion wahrscheinlich darin bestand, den Tempel zu sch\u00fctzen und S\u00fcnder abzuschrecken.<\/p>\n<p>Wenn Sie sehen wollen, wie gruselig sie sind, k\u00f6nnen Sie sie mit Mallorca Free Tour besuchen.<\/p>\n\n\t\t<\/div>\n\t\t\t\t\t<\/div>\n\n\t\n\n\t<div id=\"col-29140678\" class=\"col medium-6 small-12 large-6\"  >\n\t\t\t\t<div class=\"col-inner\"  >\n\t\t\t\n\t\t\t\n\n\t<div class=\"img has-hover x md-x lg-x y md-y lg-y\" id=\"image_2009301369\">\n\t\t\t\t\t\t\t\t<div class=\"img-inner dark\" >\n\t\t\t<img loading=\"lazy\" decoding=\"async\" width=\"600\" height=\"800\" src=\"https:\/\/www.mallorcafreetour.com\/wp-content\/uploads\/2020\/12\/iglesia-parroquial-santa-eulalia-600x800.jpg\" class=\"attachment-large size-large\" alt=\"\" srcset=\"https:\/\/www.mallorcafreetour.com\/wp-content\/uploads\/2020\/12\/iglesia-parroquial-santa-eulalia-600x800.jpg 600w, https:\/\/www.mallorcafreetour.com\/wp-content\/uploads\/2020\/12\/iglesia-parroquial-santa-eulalia-300x400.jpg 300w, https:\/\/www.mallorcafreetour.com\/wp-content\/uploads\/2020\/12\/iglesia-parroquial-santa-eulalia-768x1024.jpg 768w, https:\/\/www.mallorcafreetour.com\/wp-content\/uploads\/2020\/12\/iglesia-parroquial-santa-eulalia-1152x1536.jpg 1152w, https:\/\/www.mallorcafreetour.com\/wp-content\/uploads\/2020\/12\/iglesia-parroquial-santa-eulalia-1536x2048.jpg 1536w, https:\/\/www.mallorcafreetour.com\/wp-content\/uploads\/2020\/12\/iglesia-parroquial-santa-eulalia-scaled.jpg 1920w\" sizes=\"auto, (max-width: 600px) 100vw, 600px\" \/>\t\t\t\t\t\t\n\t\t\t\t\t<\/div>\n\t\t\t\t\t\t\t\t\n<style>\n#image_2009301369 {\n  width: 100%;\n}\n<\/style>\n\t<\/div>\n\t\n\n\n\t\t<\/div>\n\t\t\t\t\t<\/div>\n\n\t\n\n<\/div>\n\n\t\t<\/div>\n\n\t\t\n<style>\n#section_519627315 {\n  padding-top: 60px;\n  padding-bottom: 60px;\n  background-color: rgb(193, 193, 193);\n}\n#section_519627315 .section-bg-overlay {\n  background-color: rgba(255, 255, 255, 0.85);\n}\n<\/style>\n\t<\/section>\n\t\n\n\t<section class=\"section\" id=\"section_1699002553\">\n\t\t<div class=\"section-bg fill\" >\n\t\t\t\t\t\t\t\t\t<div class=\"section-bg-overlay absolute fill\"><\/div>\n\t\t\t\n\n\t\t<\/div>\n\n\t\t\n\n\t\t<div class=\"section-content relative\">\n\t\t\t\n\n<span class=\"scroll-to\" data-label=\"Scroll to: #cort\" data-bullet=\"false\" data-link=\"#cort\" data-title=\"cort\" ><a name=\"cort\"><\/a><\/span>\n\n<div class=\"row row-large align-middle\"  id=\"row-633087740\">\n\n\n\t<div id=\"col-277633248\" class=\"col medium-6 small-12 large-6\"  >\n\t\t\t\t<div class=\"col-inner\"  >\n\t\t\t\n\t\t\t\n\n\t<div class=\"img has-hover x md-x lg-x y md-y lg-y\" id=\"image_1127202411\">\n\t\t\t\t\t\t\t\t<div class=\"img-inner dark\" >\n\t\t\t<img loading=\"lazy\" decoding=\"async\" width=\"1020\" height=\"765\" src=\"https:\/\/www.mallorcafreetour.com\/wp-content\/uploads\/2020\/12\/ayuntamiento-de-palma.jpg\" class=\"attachment-large size-large\" alt=\"\" srcset=\"https:\/\/www.mallorcafreetour.com\/wp-content\/uploads\/2020\/12\/ayuntamiento-de-palma.jpg 1067w, https:\/\/www.mallorcafreetour.com\/wp-content\/uploads\/2020\/12\/ayuntamiento-de-palma-534x400.jpg 534w, https:\/\/www.mallorcafreetour.com\/wp-content\/uploads\/2020\/12\/ayuntamiento-de-palma-768x576.jpg 768w\" sizes=\"auto, (max-width: 1020px) 100vw, 1020px\" \/>\t\t\t\t\t\t\n\t\t\t\t\t<\/div>\n\t\t\t\t\t\t\t\t\n<style>\n#image_1127202411 {\n  width: 100%;\n}\n<\/style>\n\t<\/div>\n\t\n\n\t<div class=\"img has-hover x md-x lg-x y md-y lg-y\" id=\"image_869908040\">\n\t\t\t\t\t\t\t\t<div class=\"img-inner dark\" >\n\t\t\t<img loading=\"lazy\" decoding=\"async\" width=\"1020\" height=\"765\" src=\"https:\/\/www.mallorcafreetour.com\/wp-content\/uploads\/2021\/01\/ayuntamiento-de-palma-gigantes-1067x800.jpg\" class=\"attachment-large size-large\" alt=\"\" srcset=\"https:\/\/www.mallorcafreetour.com\/wp-content\/uploads\/2021\/01\/ayuntamiento-de-palma-gigantes-1067x800.jpg 1067w, https:\/\/www.mallorcafreetour.com\/wp-content\/uploads\/2021\/01\/ayuntamiento-de-palma-gigantes-533x400.jpg 533w, https:\/\/www.mallorcafreetour.com\/wp-content\/uploads\/2021\/01\/ayuntamiento-de-palma-gigantes-768x576.jpg 768w, https:\/\/www.mallorcafreetour.com\/wp-content\/uploads\/2021\/01\/ayuntamiento-de-palma-gigantes-1536x1152.jpg 1536w, https:\/\/www.mallorcafreetour.com\/wp-content\/uploads\/2021\/01\/ayuntamiento-de-palma-gigantes-2048x1536.jpg 2048w\" sizes=\"auto, (max-width: 1020px) 100vw, 1020px\" \/>\t\t\t\t\t\t\n\t\t\t\t\t<\/div>\n\t\t\t\t\t\t\t\t\n<style>\n#image_869908040 {\n  width: 100%;\n}\n<\/style>\n\t<\/div>\n\t\n\n\n\t\t<\/div>\n\t\t\t\t\t<\/div>\n\n\t\n\n\t<div id=\"col-791538210\" class=\"col medium-6 small-12 large-6\"  >\n\t\t\t\t<div class=\"col-inner text-left\"  >\n\t\t\t\n\t\t\t\n\n<h2 style=\"text-align: center;\" data-text-color=\"secondary\"><strong><em>Cort <\/em>oder Stadtrat von Palma<\/strong><\/h2>\n<p>Weiter geht es zum Zentrum des st\u00e4dtischen Lebens: dem Rathaus von Palma, das sich an der emblematischen Plaza de Cort befindet, einem Platz, den man auf Mallorca unbedingt gesehen haben muss.<\/p>\n<p>Das Rathaus von Palma war das Hospital de San Andr\u00e9s und sp\u00e4ter das Gerichtsgeb\u00e4ude des K\u00f6nigreichs Mallorca.<\/p>\n<p>Die Plaza de Cort gilt als der Kilometer 0 von Mallorca, der Ursprung der Stra\u00dfen. In der Mitte steht der mythische und riesige Cort-Olivenbaum, der katalogisiert und gesetzlich gesch\u00fctzt ist und 1989 aus Pollensa verpflanzt wurde, als Symbol des Friedens und der Wurzeln.<\/p>\n<h3 style=\"text-align: center;\"><strong>Geschichte des Rathauses von Palma<\/strong><\/h3>\n<p>Das heutige Rathaus, das zwischen 1649 und 1680 erbaut wurde, ist dem Grundriss eines traditionellen mallorquinischen Herrenhauses nachempfunden und besteht aus drei absteigenden Etagen, die von einem beeindruckenden Dachvorsprung gekr\u00f6nt werden.<\/p>\n<p>An der Fassade stechen einige Elemente hervor, wie der Balkon mit sieben gro\u00dfen Fenstern, die Uhr d&#8217;en Figuera und die &#8220;Banc del si no fos&#8221; (Bank der Faulenzer).<\/p>\n<p>Cort war der Sitz des Gro\u00dfen und Allgemeinen Rates, der 1249 von Jaume I. gegr\u00fcndet wurde und die Macht \u00fcber die gesamte Insel hatte.<\/p>\n<p>Mit den Dekreten von K\u00f6nig Philipp V. verschwanden die zivilen Institutionen, die seit 1229 das K\u00f6nigreich Mallorca gebildet hatten. Auch der alte Name Palma, der den der Stadt Mallorca ersetzte, wurde wiederhergestellt.<\/p>\n<p>Erfahren Sie mehr \u00fcber das politische Leben der Stadt und was es auf Mallorca zu sehen gibt, mit der kostenlosen Tour.<\/p>\n\n\t\t<\/div>\n\t\t\t\t\t<\/div>\n\n\t\n\n<\/div>\n\n\t\t<\/div>\n\n\t\t\n<style>\n#section_1699002553 {\n  padding-top: 60px;\n  padding-bottom: 60px;\n  background-color: rgb(255, 255, 255);\n}\n#section_1699002553 .section-bg-overlay {\n  background-color: rgba(255, 255, 255, 0.85);\n}\n<\/style>\n\t<\/section>\n\t\n\n\t<section class=\"section\" id=\"section_1343881893\">\n\t\t<div class=\"section-bg fill\" >\n\t\t\t\t\t\t\t\t\t<div class=\"section-bg-overlay absolute fill\"><\/div>\n\t\t\t\n\n\t\t<\/div>\n\n\t\t\n\n\t\t<div class=\"section-content relative\">\n\t\t\t\n\n<span class=\"scroll-to\" data-label=\"Scroll to: #modernistas\" data-bullet=\"false\" data-link=\"#modernistas\" data-title=\"modernistas\" ><a name=\"modernistas\"><\/a><\/span>\n\n<div class=\"row row-large align-middle\"  id=\"row-1882314208\">\n\n\n\t<div id=\"col-876906235\" class=\"col medium-6 small-12 large-6\"  >\n\t\t\t\t<div class=\"col-inner text-left\"  >\n\t\t\t\n\t\t\t\n\n<h2 style=\"text-align: center;\" data-text-color=\"secondary\"><strong>\u00a0Die modernistischen Geb\u00e4ude von Palma<\/strong><\/h2>\n<p>F\u00fcr Architekturliebhaber sind die herausragendsten Geb\u00e4ude auf Mallorca die modernistischen Bauten, von denen die meisten dem katalanischen Modernisme-Trend folgen.<\/p>\n<h3 style=\"text-align: center;\"><strong>Das Grand Hotel<\/strong><\/h3>\n<p>Es ist vielleicht das schillerndste Beispiel f\u00fcr den Modernisme. Es befindet sich an der Pla\u00e7a Weyler Nr. 3 und wurde 1903 von dem Architekten Llu\u00eds Dom\u00e8nech i Montaner erbaut.<\/p>\n<p>Das Gran Hotel war bis zur Er\u00f6ffnung des Ritz im Jahr 1910 das luxuri\u00f6seste Hotel in Spanien. Zu den Innovationen und dem Luxus geh\u00f6rten der Aufzug, die Dampfheizung und die Elektrizit\u00e4t.<\/p>\n<h3 style=\"text-align: center;\"><strong>Can Forteza Rey<\/strong><\/h3>\n<p>Es erinnert besonders an Gaud\u00eds Casa Batll\u00f3 am Paseo de Gracia in Barcelona. Sein F\u00f6rderer war Jos\u00e9 Forteza-Rey, der als Goldschmied an der Kathedrale arbeitete, als Gaud\u00ed die Renovierungsarbeiten durchf\u00fchrte (1904-1914).<\/p>\n<p>Die Geschichte des Geb\u00e4udes ist kurios. Jos\u00e9 Forteza Rey baute das Geb\u00e4ude f\u00fcr seine Kinder: eine Apotheke im Erdgeschoss, das erste Stockwerk als Zahnklinik und das dritte Stockwerk als Privatwohnung, wobei das Zwischengeschoss vom Bauherrn selbst f\u00fcr Wohnungen reserviert wurde.<\/p>\n<p>Die dekorative Behandlung, die polychromen Keramiken der mallorquinischen Fabrik &#8220;La Roqueta&#8221; und das monstr\u00f6se oder besser gesagt schmerzhafte und leidende Gesicht, flankiert von zwei gefl\u00fcgelten Drachen, die sich im ersten Stock befinden, und dar\u00fcber das Schild des Zahnarztes &#8220;Cl\u00ednica Dental I. F. Rey&#8221; fallen auf. F. Rey&#8221;, eine wirksame und k\u00fcnstlerische Werbung, die das B\u00f6se mit dem Heilmittel assoziiert und den besten Publizisten w\u00fcrdig ist.<\/p>\n<h3 style=\"text-align: center;\"><strong>L&#8217;\u00c0guila<\/strong><\/h3>\n<p>Neben der Casa Forteza Rey befindet sich das \u00c1guila-Geb\u00e4ude. Es wurde 1908 von dem Architekten Gaspar Benn\u00e0zar errichtet, der im Volksmund als &#8220;s&#8217;Arquitecte&#8221; bekannt ist und zu dessen Werken auch s&#8217;Escorxador und die Sagrera-Promenade geh\u00f6ren.<\/p>\n<p>Das Geb\u00e4ude, in dem die Lagerhallen von l&#8217;\u00c0guila untergebracht waren, wird derzeit in ein Hotel umgebaut.<\/p>\n<p>Entdecken Sie mehr \u00fcber die Architektur der Altstadt von Palma und was es auf Mallorca zu sehen gibt, mit der Free Tour.<\/p>\n\n\t\t<\/div>\n\t\t\t\t\t<\/div>\n\n\t\n\n\t<div id=\"col-1063774376\" class=\"col medium-6 small-12 large-6\"  >\n\t\t\t\t<div class=\"col-inner\"  >\n\t\t\t\n\t\t\t\n\n\t<div class=\"img has-hover x md-x lg-x y md-y lg-y\" id=\"image_1293005552\">\n\t\t\t\t\t\t\t\t<div class=\"img-inner dark\" >\n\t\t\t<img loading=\"lazy\" decoding=\"async\" width=\"422\" height=\"309\" src=\"https:\/\/www.mallorcafreetour.com\/wp-content\/uploads\/2020\/12\/modernismo-palma-gran-hotel.jpg\" class=\"attachment-medium size-medium\" alt=\"\" \/>\t\t\t\t\t\t\n\t\t\t\t\t<\/div>\n\t\t\t\t\t\t\t\t\n<style>\n#image_1293005552 {\n  width: 100%;\n}\n<\/style>\n\t<\/div>\n\t\n\n\t<div class=\"img has-hover x md-x lg-x y md-y lg-y\" id=\"image_1339876554\">\n\t\t\t\t\t\t\t\t<div class=\"img-inner dark\" >\n\t\t\t<img loading=\"lazy\" decoding=\"async\" width=\"533\" height=\"400\" src=\"https:\/\/www.mallorcafreetour.com\/wp-content\/uploads\/2021\/01\/modernismo-palma-can-rey-533x400.jpg\" class=\"attachment-medium size-medium\" alt=\"\" srcset=\"https:\/\/www.mallorcafreetour.com\/wp-content\/uploads\/2021\/01\/modernismo-palma-can-rey-533x400.jpg 533w, https:\/\/www.mallorcafreetour.com\/wp-content\/uploads\/2021\/01\/modernismo-palma-can-rey-1067x800.jpg 1067w, https:\/\/www.mallorcafreetour.com\/wp-content\/uploads\/2021\/01\/modernismo-palma-can-rey-768x576.jpg 768w, https:\/\/www.mallorcafreetour.com\/wp-content\/uploads\/2021\/01\/modernismo-palma-can-rey-1536x1152.jpg 1536w, https:\/\/www.mallorcafreetour.com\/wp-content\/uploads\/2021\/01\/modernismo-palma-can-rey-2048x1536.jpg 2048w\" sizes=\"auto, (max-width: 533px) 100vw, 533px\" \/>\t\t\t\t\t\t\n\t\t\t\t\t<\/div>\n\t\t\t\t\t\t\t\t\n<style>\n#image_1339876554 {\n  width: 100%;\n}\n<\/style>\n\t<\/div>\n\t\n\n\t<div class=\"img has-hover x md-x lg-x y md-y lg-y\" id=\"image_1472528573\">\n\t\t\t\t\t\t\t\t<div class=\"img-inner dark\" >\n\t\t\t<img loading=\"lazy\" decoding=\"async\" width=\"533\" height=\"400\" src=\"https:\/\/www.mallorcafreetour.com\/wp-content\/uploads\/2021\/01\/modernismo-palma-el-aguila-533x400.jpg\" class=\"attachment-medium size-medium\" alt=\"\" srcset=\"https:\/\/www.mallorcafreetour.com\/wp-content\/uploads\/2021\/01\/modernismo-palma-el-aguila-533x400.jpg 533w, https:\/\/www.mallorcafreetour.com\/wp-content\/uploads\/2021\/01\/modernismo-palma-el-aguila-1067x800.jpg 1067w, https:\/\/www.mallorcafreetour.com\/wp-content\/uploads\/2021\/01\/modernismo-palma-el-aguila-768x576.jpg 768w, https:\/\/www.mallorcafreetour.com\/wp-content\/uploads\/2021\/01\/modernismo-palma-el-aguila-1536x1152.jpg 1536w, https:\/\/www.mallorcafreetour.com\/wp-content\/uploads\/2021\/01\/modernismo-palma-el-aguila-2048x1536.jpg 2048w\" sizes=\"auto, (max-width: 533px) 100vw, 533px\" \/>\t\t\t\t\t\t\n\t\t\t\t\t<\/div>\n\t\t\t\t\t\t\t\t\n<style>\n#image_1472528573 {\n  width: 100%;\n}\n<\/style>\n\t<\/div>\n\t\n\n\n\t\t<\/div>\n\t\t\t\t\t<\/div>\n\n\t\n\n<\/div>\n\n\t\t<\/div>\n\n\t\t\n<style>\n#section_1343881893 {\n  padding-top: 60px;\n  padding-bottom: 60px;\n  background-color: rgb(193, 193, 193);\n}\n#section_1343881893 .section-bg-overlay {\n  background-color: rgba(255, 255, 255, 0.85);\n}\n<\/style>\n\t<\/section>\n\t\n\n\t<section class=\"section\" id=\"section_1602907080\">\n\t\t<div class=\"section-bg fill\" >\n\t\t\t\t\t\t\t\t\t<div class=\"section-bg-overlay absolute fill\"><\/div>\n\t\t\t\n\n\t\t<\/div>\n\n\t\t\n\n\t\t<div class=\"section-content relative\">\n\t\t\t\n\n<span class=\"scroll-to\" data-label=\"Scroll to: #plaza-mayor\" data-bullet=\"false\" data-link=\"#plaza-mayor\" data-title=\"plaza-mayor\" ><a name=\"plaza-mayor\"><\/a><\/span>\n\n<div class=\"row row-large align-middle\"  id=\"row-1105480510\">\n\n\n\t<div id=\"col-1029259759\" class=\"col medium-6 small-12 large-6\"  >\n\t\t\t\t<div class=\"col-inner\"  >\n\t\t\t\n\t\t\t\n\n\t<div class=\"img has-hover x md-x lg-x y md-y lg-y\" id=\"image_348081014\">\n\t\t\t\t\t\t\t\t<div class=\"img-inner dark\" >\n\t\t\t<img loading=\"lazy\" decoding=\"async\" width=\"621\" height=\"400\" src=\"https:\/\/www.mallorcafreetour.com\/wp-content\/uploads\/2020\/12\/plaza-mayor-antigua-621x400.jpg\" class=\"attachment-medium size-medium\" alt=\"\" srcset=\"https:\/\/www.mallorcafreetour.com\/wp-content\/uploads\/2020\/12\/plaza-mayor-antigua-621x400.jpg 621w, https:\/\/www.mallorcafreetour.com\/wp-content\/uploads\/2020\/12\/plaza-mayor-antigua.jpg 652w\" sizes=\"auto, (max-width: 621px) 100vw, 621px\" \/>\t\t\t\t\t\t\n\t\t\t\t\t<\/div>\n\t\t\t\t\t\t\t\t\n<style>\n#image_348081014 {\n  width: 100%;\n}\n<\/style>\n\t<\/div>\n\t\n\n\t<div class=\"img has-hover x md-x lg-x y md-y lg-y\" id=\"image_1191462549\">\n\t\t\t\t\t\t\t\t<div class=\"img-inner dark\" >\n\t\t\t<img loading=\"lazy\" decoding=\"async\" width=\"533\" height=\"400\" src=\"https:\/\/www.mallorcafreetour.com\/wp-content\/uploads\/2020\/12\/plaza-mayor-533x400.jpg\" class=\"attachment-medium size-medium\" alt=\"\" srcset=\"https:\/\/www.mallorcafreetour.com\/wp-content\/uploads\/2020\/12\/plaza-mayor-533x400.jpg 533w, https:\/\/www.mallorcafreetour.com\/wp-content\/uploads\/2020\/12\/plaza-mayor-1067x800.jpg 1067w, https:\/\/www.mallorcafreetour.com\/wp-content\/uploads\/2020\/12\/plaza-mayor-768x576.jpg 768w, https:\/\/www.mallorcafreetour.com\/wp-content\/uploads\/2020\/12\/plaza-mayor-1536x1152.jpg 1536w, https:\/\/www.mallorcafreetour.com\/wp-content\/uploads\/2020\/12\/plaza-mayor-2048x1536.jpg 2048w\" sizes=\"auto, (max-width: 533px) 100vw, 533px\" \/>\t\t\t\t\t\t\n\t\t\t\t\t<\/div>\n\t\t\t\t\t\t\t\t\n<style>\n#image_1191462549 {\n  width: 100%;\n}\n<\/style>\n\t<\/div>\n\t\n\n\n\t\t<\/div>\n\t\t\t\t\t<\/div>\n\n\t\n\n\t<div id=\"col-982948975\" class=\"col medium-6 small-12 large-6\"  >\n\t\t\t\t<div class=\"col-inner text-left\"  >\n\t\t\t\n\t\t\t\n\n<h2 style=\"text-align: center;\" data-text-color=\"secondary\"><strong>Die Plaza Mayor<\/strong><\/h2>\n<p>Ganz in der N\u00e4he des Rathauses befindet sich die Plaza Mayor. Es gibt ein lokales Sprichwort, das besagt, dass &#8220;alle Wege zur Plaza Mayor f\u00fchren&#8221;, denn sie ist das eigentliche Zentrum der Stadt Palma.<\/p>\n<p>Die mythischen und belebten Stra\u00dfen Palmas beginnen an der Plaza Mayor: San Miguel, Jaime II, V\u00eda Sindicato, wo Sie zahlreiche Gesch\u00e4fte finden, die traditionelle und lokale Produkte und Schmuck anbieten. Montags, freitags und samstags findet ein Kunsthandwerkermarkt statt.<\/p>\n<h3 style=\"text-align: center;\"><strong>Die Geschichte des Plaza Mayor<\/strong><\/h3>\n<p>Umgeben von Geb\u00e4uden aus dem 14. Jahrhundert war es bis zu seinem endg\u00fcltigen Verschwinden im Jahr 1823 Sitz der Inquisition und ein so d\u00fcsterer Ort, dass es im Volksmund als Schwarzes Haus bezeichnet wurde.<\/p>\n<p>Sp\u00e4ter wurde der Platz in einen Markt umgewandelt und nach dem B\u00fcrgerkrieg wurde er zu einem Platz, auf dem Teiche und Blumenk\u00e4sten angelegt wurden. Der Platz ist durch eine Treppe mit der Ramblas-Promenade verbunden.<\/p>\n<p>1969 genehmigte der Stadtrat das, was die Zeitungen als &#8220;gro\u00dfe Reform&#8221; bezeichneten, n\u00e4mlich die Errichtung eines f\u00fcnfst\u00f6ckigen Untergeschosses, vier f\u00fcr Parkpl\u00e4tze und eines f\u00fcr ein Einkaufszentrum.<\/p>\n\n\t\t<\/div>\n\t\t\t\t\t<\/div>\n\n\t\n\n<\/div>\n\n\t\t<\/div>\n\n\t\t\n<style>\n#section_1602907080 {\n  padding-top: 60px;\n  padding-bottom: 60px;\n  background-color: rgb(255, 255, 255);\n}\n#section_1602907080 .section-bg-overlay {\n  background-color: rgba(255, 255, 255, 0.85);\n}\n<\/style>\n\t<\/section>\n\t\n\n\t<section class=\"section\" id=\"section_993297192\">\n\t\t<div class=\"section-bg fill\" >\n\t\t\t\t\t\t\t\t\t<div class=\"section-bg-overlay absolute fill\"><\/div>\n\t\t\t\n\n\t\t<\/div>\n\n\t\t\n\n\t\t<div class=\"section-content relative\">\n\t\t\t\n\n<span class=\"scroll-to\" data-label=\"Scroll to: #sant-miquel\" data-bullet=\"false\" data-link=\"#sant-miquel\" data-title=\"sant-miquel\" ><a name=\"sant-miquel\"><\/a><\/span>\n\n<div class=\"row row-large align-middle\"  id=\"row-1404289352\">\n\n\n\t<div id=\"col-1993234728\" class=\"col medium-6 small-12 large-6\"  >\n\t\t\t\t<div class=\"col-inner text-left\"  >\n\t\t\t\n\t\t\t\n\n<h2 style=\"text-align: center;\" data-text-color=\"secondary\"><strong>Stra\u00dfe &#8220;Sant Miquel&#8221;<\/strong><\/h2>\n<p>Wenn Sie sich daf\u00fcr interessieren, was es auf Mallorca zu sehen gibt, interessiert es Sie auch, was Sie wo kaufen k\u00f6nnen. Die Calle San Miguel ist eine der wichtigsten Einkaufsstra\u00dfen im Zentrum von Palma. Es ist eine schmale, langgestreckte Stra\u00dfe und eine der belebtesten Fu\u00dfg\u00e4ngerzonen.<\/p>\n<p>Sie geh\u00f6rt zu den traditionellsten und einladendsten Einkaufsstra\u00dfen, neben der Calle Oms und Las Ramblas. Man k\u00f6nnte es als Open-Air-Einkaufszentrum betrachten, mit einer Vielzahl von Gesch\u00e4ften, Kleidung, Schuhen, Accessoires, Parf\u00fcmerie, Souvenirs, Stoffen und mallorquinischen Stickereien.<\/p>\n<p>In San Miguel gibt es neben lokalen und traditionellen Gesch\u00e4ften wie dem historischen Bordados Valldemossa und dem bekannten Camper auch gro\u00dfe Marken wie Desigual und Sfera.<\/p>\n<h3 style=\"text-align: center;\" data-text-color=\"secondary\"><span style=\"color: #000000;\"><strong>Die Pfarrkirche von Sant Miquel<\/strong><\/span><\/h3>\n<p>Mitten in der Calle Sant Miquel steht diese Pfarrkirche, die zusammen mit Santa Eul\u00e0lia, Sant Jaume und Santa Creu zu den vier \u00e4ltesten Pfarreien Mallorcas geh\u00f6rt.<\/p>\n<p><strong>Entdecken Sie mehr alte Legenden der Stadt Palma und was es auf Mallorca zu sehen gibt, mit der Free Tour<\/strong>.<\/p>\n\n\t\t<\/div>\n\t\t\t\t\t<\/div>\n\n\t\n\n\t<div id=\"col-1346542233\" class=\"col medium-6 small-12 large-6\"  >\n\t\t\t\t<div class=\"col-inner\"  >\n\t\t\t\n\t\t\t\n\n\t<div class=\"img has-hover x md-x lg-x y md-y lg-y\" id=\"image_562062508\">\n\t\t\t\t\t\t\t\t<div class=\"img-inner dark\" >\n\t\t\t<img loading=\"lazy\" decoding=\"async\" width=\"1020\" height=\"639\" src=\"https:\/\/www.mallorcafreetour.com\/wp-content\/uploads\/2020\/12\/calle-san-miguel-antigua.jpg\" class=\"attachment-large size-large\" alt=\"\" srcset=\"https:\/\/www.mallorcafreetour.com\/wp-content\/uploads\/2020\/12\/calle-san-miguel-antigua.jpg 1277w, https:\/\/www.mallorcafreetour.com\/wp-content\/uploads\/2020\/12\/calle-san-miguel-antigua-639x400.jpg 639w, https:\/\/www.mallorcafreetour.com\/wp-content\/uploads\/2020\/12\/calle-san-miguel-antigua-768x481.jpg 768w\" sizes=\"auto, (max-width: 1020px) 100vw, 1020px\" \/>\t\t\t\t\t\t\n\t\t\t\t\t<\/div>\n\t\t\t\t\t\t\t\t\n<style>\n#image_562062508 {\n  width: 100%;\n}\n<\/style>\n\t<\/div>\n\t\n\n<p>de <a href=\"https:\/\/fotosantiguasdemallorca.blogspot.com\/\">Fotos Antiguas de Mallorca<\/a><\/p>\n\t<div class=\"img has-hover x md-x lg-x y md-y lg-y\" id=\"image_2055241291\">\n\t\t\t\t\t\t\t\t<div class=\"img-inner dark\" >\n\t\t\t<img loading=\"lazy\" decoding=\"async\" width=\"1020\" height=\"679\" src=\"https:\/\/www.mallorcafreetour.com\/wp-content\/uploads\/2020\/12\/iglesia-de-sant-miquel-palma.jpg\" class=\"attachment-large size-large\" alt=\"\" srcset=\"https:\/\/www.mallorcafreetour.com\/wp-content\/uploads\/2020\/12\/iglesia-de-sant-miquel-palma.jpg 1202w, https:\/\/www.mallorcafreetour.com\/wp-content\/uploads\/2020\/12\/iglesia-de-sant-miquel-palma-601x400.jpg 601w, https:\/\/www.mallorcafreetour.com\/wp-content\/uploads\/2020\/12\/iglesia-de-sant-miquel-palma-768x511.jpg 768w\" sizes=\"auto, (max-width: 1020px) 100vw, 1020px\" \/>\t\t\t\t\t\t\n\t\t\t\t\t<\/div>\n\t\t\t\t\t\t\t\t\n<style>\n#image_2055241291 {\n  width: 100%;\n}\n<\/style>\n\t<\/div>\n\t\n\n\n\t\t<\/div>\n\t\t\t\t\t<\/div>\n\n\t\n\n<\/div>\n\n\t\t<\/div>\n\n\t\t\n<style>\n#section_993297192 {\n  padding-top: 60px;\n  padding-bottom: 60px;\n  background-color: rgb(193, 193, 193);\n}\n#section_993297192 .section-bg-overlay {\n  background-color: rgba(255, 255, 255, 0.85);\n}\n<\/style>\n\t<\/section>\n\t\n\n\t<section class=\"section\" id=\"section_596095967\">\n\t\t<div class=\"section-bg fill\" >\n\t\t\t\t\t\t\t\t\t<div class=\"section-bg-overlay absolute fill\"><\/div>\n\t\t\t\n\n\t\t<\/div>\n\n\t\t\n\n\t\t<div class=\"section-content relative\">\n\t\t\t\n\n<span class=\"scroll-to\" data-label=\"Scroll to: #olivar\" data-bullet=\"false\" data-link=\"#olivar\" data-title=\"olivar\" ><a name=\"olivar\"><\/a><\/span>\n\n<div class=\"row row-large align-middle\"  id=\"row-1529537098\">\n\n\n\t<div id=\"col-2086720507\" class=\"col medium-6 small-12 large-6\"  >\n\t\t\t\t<div class=\"col-inner\"  >\n\t\t\t\n\t\t\t\n\n\t<div class=\"img has-hover x md-x lg-x y md-y lg-y\" id=\"image_1412526221\">\n\t\t\t\t\t\t\t\t<div class=\"img-inner dark\" >\n\t\t\t<img loading=\"lazy\" decoding=\"async\" width=\"800\" height=\"800\" src=\"https:\/\/www.mallorcafreetour.com\/wp-content\/uploads\/2020\/12\/gastronomia-mallorquina-tumbet.jpg\" class=\"attachment-large size-large\" alt=\"\" srcset=\"https:\/\/www.mallorcafreetour.com\/wp-content\/uploads\/2020\/12\/gastronomia-mallorquina-tumbet.jpg 800w, https:\/\/www.mallorcafreetour.com\/wp-content\/uploads\/2020\/12\/gastronomia-mallorquina-tumbet-400x400.jpg 400w, https:\/\/www.mallorcafreetour.com\/wp-content\/uploads\/2020\/12\/gastronomia-mallorquina-tumbet-280x280.jpg 280w, https:\/\/www.mallorcafreetour.com\/wp-content\/uploads\/2020\/12\/gastronomia-mallorquina-tumbet-768x768.jpg 768w\" sizes=\"auto, (max-width: 800px) 100vw, 800px\" \/>\t\t\t\t\t\t\n\t\t\t\t\t<\/div>\n\t\t\t\t\t\t\t\t\n<style>\n#image_1412526221 {\n  width: 100%;\n}\n<\/style>\n\t<\/div>\n\t\n\n\n\t\t<\/div>\n\t\t\t\t\t<\/div>\n\n\t\n\n\t<div id=\"col-209118989\" class=\"col medium-6 small-12 large-6\"  >\n\t\t\t\t<div class=\"col-inner text-left\"  >\n\t\t\t\n\t\t\t\n\n<h2 style=\"text-align: center;\" data-text-color=\"secondary\"><strong>Der Olivar-Markt<\/strong><\/h2>\n<p>Nach einem Spaziergang durch die Altstadt erreichen wir den Olivar-Markt. M\u00e4rkte sind zu einer weiteren Attraktion in den St\u00e4dten geworden und der Mercat de l&#8217;Olivar ist der gr\u00f6\u00dfte und vollst\u00e4ndigste st\u00e4dtische Markt, den man auf Mallorca sehen kann.<\/p>\n<p>Aromen, K\u00e4se, Farben, Geschm\u00e4cker und Wurstwaren vermischen sich auf diesem traditionellen Lebensmittelmarkt mit St\u00e4nden, Blumenl\u00e4den und Bars.<\/p>\n<h3 style=\"text-align: center;\"><strong>Geschichte des Olivar-Marktes<\/strong><\/h3>\n<p>Das 1951 errichtete Bauwerk ist nicht nur ein Wahrzeichen, sondern auch ein leuchtendes Geb\u00e4ude der mediterranen Architektur. Es sollte jedoch nicht vergessen werden, dass es fr\u00fcher das Kloster der Virgen del Olivar war.<\/p>\n<h3 style=\"text-align: center;\"><strong>Der mallorquinische &#8220;Variat&#8221;.<\/strong><\/h3>\n<p>Das &#8220;Variat&#8221;, eine Kombination von mallorquinischen Gerichten in einem Gericht, ist einer der Hauptgr\u00fcnde f\u00fcr den Besuch dieses <strong><a href=\"https:\/\/www.mercatolivar.com\/de\/starseite\/\">Marktes<\/a> <\/strong>und einer seiner wichtigsten Bezugspunkte.<\/p>\n\n\t\t<\/div>\n\t\t\t\t\t<\/div>\n\n\t\n\n<\/div>\n\n\t\t<\/div>\n\n\t\t\n<style>\n#section_596095967 {\n  padding-top: 60px;\n  padding-bottom: 60px;\n  background-color: rgb(255, 255, 255);\n}\n#section_596095967 .section-bg-overlay {\n  background-color: rgba(255, 255, 255, 0.85);\n}\n<\/style>\n\t<\/section>\n\t\n\n\t<section class=\"section\" id=\"section_363872229\">\n\t\t<div class=\"section-bg fill\" >\n\t\t\t\t\t\t\t\t\t<div class=\"section-bg-overlay absolute fill\"><\/div>\n\t\t\t\n\n\t\t<\/div>\n\n\t\t\n\n\t\t<div class=\"section-content relative\">\n\t\t\t\n\n<span class=\"scroll-to\" data-label=\"Scroll to: #plaza-espa\u00f1a\" data-bullet=\"false\" data-link=\"#plaza-espa\u00f1a\" data-title=\"plaza-espa\u00f1a\" ><a name=\"plaza-espa\u00f1a\"><\/a><\/span>\n\n<div class=\"row row-large align-middle\"  id=\"row-1299911659\">\n\n\n\t<div id=\"col-1167001494\" class=\"col medium-6 small-12 large-6\"  >\n\t\t\t\t<div class=\"col-inner text-left\"  >\n\t\t\t\n\t\t\t\n\n<h2 style=\"text-align: center;\" data-text-color=\"secondary\"><strong>P<\/strong><strong>laza Espa\u00f1a<\/strong><\/h2>\n<p>Wie in anderen St\u00e4dten ist auch in Palma die Plaza de Espa\u00f1a ein zentraler Punkt der Kommunikation.<\/p>\n<p>Hier laufen viele Stra\u00dfen und Pl\u00e4tze zusammen, so dass es der perfekte Ort ist, um die Mallorca Free Tour zu beenden und in einem der Restaurants in der Umgebung zu Mittag zu essen. Je nach Geschmack, z\u00f6gern Sie nicht, unsere Reisef\u00fchrer zu fragen, wo Sie gut essen gehen k\u00f6nnen.<\/p>\n<p><a href=\"https:\/\/goo.gl\/maps\/YdxRXT5jRJM6DRCb6\">siehe auf der Karte<\/a><\/p>\n<h3 style=\"text-align: center;\"><strong>Statue Jaume I.<\/strong><\/h3>\n<p>Auf der Plaza Espa\u00f1a steht das Reiterstandbild zu Ehren von Jaime I., dem Eroberer, das am 20. Januar 1927 eingeweiht wurde.<\/p>\n<p>Es hei\u00dft, dass die Stellung der Pferdebeine die Todesursache des ber\u00fchmten Reiters anzeigt: vier Beine auf dem Boden bedeuten einen nat\u00fcrlichen Tod, ein Bein hochgehoben bedeutet, dass er an einer Wunde oder Krankheit gestorben ist, zwei Beine hochgehoben bedeutet, dass er im Kampf gefallen ist.<\/p>\n<p>Aber es scheint, dass dies nur eine Legende ist.<\/p>\n<p><em>Entdecken Sie weitere Geschichten, Anekdoten und Sehensw\u00fcrdigkeiten auf Mallorca mit der Free Tour.<\/em><\/p>\n\n\t\t<\/div>\n\t\t\t\t\t<\/div>\n\n\t\n\n\t<div id=\"col-2119180008\" class=\"col medium-6 small-12 large-6\"  >\n\t\t\t\t<div class=\"col-inner\"  >\n\t\t\t\n\t\t\t\n\n\t<div class=\"img has-hover x md-x lg-x y md-y lg-y\" id=\"image_1542687491\">\n\t\t\t\t\t\t\t\t<div class=\"img-inner dark\" >\n\t\t\t<img loading=\"lazy\" decoding=\"async\" width=\"1020\" height=\"765\" src=\"https:\/\/www.mallorcafreetour.com\/wp-content\/uploads\/2020\/12\/plaza-espana-1067x800.jpg\" class=\"attachment-large size-large\" alt=\"\" srcset=\"https:\/\/www.mallorcafreetour.com\/wp-content\/uploads\/2020\/12\/plaza-espana-1067x800.jpg 1067w, https:\/\/www.mallorcafreetour.com\/wp-content\/uploads\/2020\/12\/plaza-espana-533x400.jpg 533w, https:\/\/www.mallorcafreetour.com\/wp-content\/uploads\/2020\/12\/plaza-espana-768x576.jpg 768w, https:\/\/www.mallorcafreetour.com\/wp-content\/uploads\/2020\/12\/plaza-espana-1536x1152.jpg 1536w, https:\/\/www.mallorcafreetour.com\/wp-content\/uploads\/2020\/12\/plaza-espana-2048x1536.jpg 2048w\" sizes=\"auto, (max-width: 1020px) 100vw, 1020px\" \/>\t\t\t\t\t\t\n\t\t\t\t\t<\/div>\n\t\t\t\t\t\t\t\t\n<style>\n#image_1542687491 {\n  width: 100%;\n}\n<\/style>\n\t<\/div>\n\t\n\n\t<div class=\"img has-hover x md-x lg-x y md-y lg-y\" id=\"image_1230101114\">\n\t\t\t\t\t\t\t\t<div class=\"img-inner dark\" >\n\t\t\t<img loading=\"lazy\" decoding=\"async\" width=\"1020\" height=\"765\" src=\"https:\/\/www.mallorcafreetour.com\/wp-content\/uploads\/2020\/12\/plaza-espana-escultura-jaume-1067x800.jpg\" class=\"attachment-large size-large\" alt=\"\" srcset=\"https:\/\/www.mallorcafreetour.com\/wp-content\/uploads\/2020\/12\/plaza-espana-escultura-jaume-1067x800.jpg 1067w, https:\/\/www.mallorcafreetour.com\/wp-content\/uploads\/2020\/12\/plaza-espana-escultura-jaume-533x400.jpg 533w, https:\/\/www.mallorcafreetour.com\/wp-content\/uploads\/2020\/12\/plaza-espana-escultura-jaume-768x576.jpg 768w, https:\/\/www.mallorcafreetour.com\/wp-content\/uploads\/2020\/12\/plaza-espana-escultura-jaume-1536x1152.jpg 1536w, https:\/\/www.mallorcafreetour.com\/wp-content\/uploads\/2020\/12\/plaza-espana-escultura-jaume-2048x1536.jpg 2048w\" sizes=\"auto, (max-width: 1020px) 100vw, 1020px\" \/>\t\t\t\t\t\t\n\t\t\t\t\t<\/div>\n\t\t\t\t\t\t\t\t\n<style>\n#image_1230101114 {\n  width: 100%;\n}\n<\/style>\n\t<\/div>\n\t\n\n\n\t\t<\/div>\n\t\t\t\t\t<\/div>\n\n\t\n\n<\/div>\n\n\t\t<\/div>\n\n\t\t\n<style>\n#section_363872229 {\n  padding-top: 60px;\n  padding-bottom: 60px;\n  background-color: rgb(193, 193, 193);\n}\n#section_363872229 .section-bg-overlay {\n  background-color: rgba(255, 255, 255, 0.85);\n}\n<\/style>\n\t<\/section>\n\t\n\n\t<section class=\"section\" id=\"section_587487256\">\n\t\t<div class=\"section-bg fill\" >\n\t\t\t\t\t\t\t\t\t\n\t\t\t\n\n\t\t<\/div>\n\n\t\t\n\n\t\t<div class=\"section-content relative\">\n\t\t\t\n\n<div class=\"row\"  id=\"row-1427683868\">\n\n\n\t<div id=\"col-1472519906\" class=\"col small-12 large-12\"  >\n\t\t\t\t<div class=\"col-inner\"  >\n\t\t\t\n\t\t\t\n\n<h2 style=\"text-align: center;\" data-text-color=\"secondary\"><span data-text-color=\"primary\"><strong>Finden Sie heraus, was Sie auf Ihrer Reise nach Palma de Mallorca sehen und unternehmen k\u00f6nnen<\/strong><\/span><\/h2>\n<h3 style=\"text-align: center;\">Verschiedene Pl\u00e4ne, um Ihren Aufenthalt auf der Insel zu genie\u00dfen.<\/h3>\n<h4 style=\"text-align: center;\">Entdecken Sie Str\u00e4nde, Restaurants, Orte, an denen Sie die besten Fotos machen k\u00f6nnen, usw.<\/h4>\n\n  \n    <div class=\"row large-columns-3 medium-columns-1 small-columns-1 slider row-slider slider-nav-reveal slider-nav-push\"  data-flickity-options='{&quot;imagesLoaded&quot;: true, &quot;groupCells&quot;: &quot;100%&quot;, &quot;dragThreshold&quot; : 5, &quot;cellAlign&quot;: &quot;left&quot;,&quot;wrapAround&quot;: true,&quot;prevNextButtons&quot;: true,&quot;percentPosition&quot;: true,&quot;pageDots&quot;: false, &quot;rightToLeft&quot;: false, &quot;autoPlay&quot; : false}' >\n\n  <div class=\"col post-item\" >\n\t\t\t<div class=\"col-inner\">\n\t\t\t\t<div class=\"box box-normal box-text-bottom box-blog-post has-hover\">\n            \t\t\t\t\t<div class=\"box-image\" >\n  \t\t\t\t\t\t<div class=\"image-cover\" style=\"padding-top:56.25%;\">\n\t\t\t\t\t\t\t<a href=\"https:\/\/www.mallorcafreetour.com\/de\/blog\/typische-gerichte-von-mallorca-und-seine-gastronomie\/\" class=\"plain\" aria-label=\"Typische Gerichte von Mallorca und seine Gastronomie\">\n\t\t\t\t\t\t\t\t<img loading=\"lazy\" decoding=\"async\" width=\"400\" height=\"400\" src=\"https:\/\/www.mallorcafreetour.com\/wp-content\/uploads\/2019\/01\/comidasmallorquinas-400x400.jpg\" class=\"attachment-medium size-medium wp-post-image\" alt=\"\" srcset=\"https:\/\/www.mallorcafreetour.com\/wp-content\/uploads\/2019\/01\/comidasmallorquinas-400x400.jpg 400w, https:\/\/www.mallorcafreetour.com\/wp-content\/uploads\/2019\/01\/comidasmallorquinas-280x280.jpg 280w, https:\/\/www.mallorcafreetour.com\/wp-content\/uploads\/2019\/01\/comidasmallorquinas-768x768.jpg 768w, https:\/\/www.mallorcafreetour.com\/wp-content\/uploads\/2019\/01\/comidasmallorquinas-800x800.jpg 800w, https:\/\/www.mallorcafreetour.com\/wp-content\/uploads\/2019\/01\/comidasmallorquinas.jpg 900w\" sizes=\"auto, (max-width: 400px) 100vw, 400px\" \/>\t\t\t\t\t\t\t<\/a>\n  \t\t\t\t\t\t\t  \t\t\t\t\t\t\t  \t\t\t\t\t\t<\/div>\n  \t\t\t\t\t\t  \t\t\t\t\t<\/div>\n          \t\t\t\t\t<div class=\"box-text text-center\" >\n\t\t\t\t\t<div class=\"box-text-inner blog-post-inner\">\n\n\t\t\t\t\t\n\t\t\t\t\t\t\t\t\t\t<h5 class=\"post-title is-large \">\n\t\t\t\t\t\t<a href=\"https:\/\/www.mallorcafreetour.com\/de\/blog\/typische-gerichte-von-mallorca-und-seine-gastronomie\/\" class=\"plain\">Typische Gerichte von Mallorca und seine Gastronomie<\/a>\n\t\t\t\t\t<\/h5>\n\t\t\t\t\t\t\t\t\t\t<div class=\"is-divider\"><\/div>\n\t\t\t\t\t\t\t\t\t\t<p class=\"from_the_blog_excerpt \">\n\t\t\t\t\t\t\u00a0 Typisch mallorquinisches Gericht: Coca de Tremp\u00f3 Wenn ich meinen Lieblingssnack auf der Welt w\u00e4hlen [...]\t\t\t\t\t<\/p>\n\t\t\t\t\t                    \n\t\t\t\t\t\n\t\t\t\t\t\n\t\t\t\t\t<\/div>\n\t\t\t\t\t<\/div>\n\t\t\t\t\t\t\t\t\t<\/div>\n\t\t\t<\/div>\n\t\t<\/div><div class=\"col post-item\" >\n\t\t\t<div class=\"col-inner\">\n\t\t\t\t<div class=\"box box-normal box-text-bottom box-blog-post has-hover\">\n            \t\t\t\t\t<div class=\"box-image\" >\n  \t\t\t\t\t\t<div class=\"image-cover\" style=\"padding-top:56.25%;\">\n\t\t\t\t\t\t\t<a href=\"https:\/\/www.mallorcafreetour.com\/de\/blog\/was-man-in-palma-de-mallorca-kostenlos-unternehmen-kann\/\" class=\"plain\" aria-label=\"Was man in Palma de Mallorca kostenlos unternehmen kann\">\n\t\t\t\t\t\t\t\t<img loading=\"lazy\" decoding=\"async\" width=\"267\" height=\"400\" src=\"https:\/\/www.mallorcafreetour.com\/wp-content\/uploads\/2020\/04\/1-1-267x400.png\" class=\"attachment-medium size-medium wp-post-image\" alt=\"\" srcset=\"https:\/\/www.mallorcafreetour.com\/wp-content\/uploads\/2020\/04\/1-1-267x400.png 267w, https:\/\/www.mallorcafreetour.com\/wp-content\/uploads\/2020\/04\/1-1-534x800.png 534w, https:\/\/www.mallorcafreetour.com\/wp-content\/uploads\/2020\/04\/1-1.png 735w\" sizes=\"auto, (max-width: 267px) 100vw, 267px\" \/>\t\t\t\t\t\t\t<\/a>\n  \t\t\t\t\t\t\t  \t\t\t\t\t\t\t  \t\t\t\t\t\t<\/div>\n  \t\t\t\t\t\t  \t\t\t\t\t<\/div>\n          \t\t\t\t\t<div class=\"box-text text-center\" >\n\t\t\t\t\t<div class=\"box-text-inner blog-post-inner\">\n\n\t\t\t\t\t\n\t\t\t\t\t\t\t\t\t\t<h5 class=\"post-title is-large \">\n\t\t\t\t\t\t<a href=\"https:\/\/www.mallorcafreetour.com\/de\/blog\/was-man-in-palma-de-mallorca-kostenlos-unternehmen-kann\/\" class=\"plain\">Was man in Palma de Mallorca kostenlos unternehmen kann<\/a>\n\t\t\t\t\t<\/h5>\n\t\t\t\t\t\t\t\t\t\t<div class=\"is-divider\"><\/div>\n\t\t\t\t\t\t\t\t\t\t<p class=\"from_the_blog_excerpt \">\n\t\t\t\t\t\tEntdecken Sie, was Sie in Palma kostenlos tun k\u00f6nnen Was kann man in Palma de [...]\t\t\t\t\t<\/p>\n\t\t\t\t\t                    \n\t\t\t\t\t\n\t\t\t\t\t\n\t\t\t\t\t<\/div>\n\t\t\t\t\t<\/div>\n\t\t\t\t\t\t\t\t\t<\/div>\n\t\t\t<\/div>\n\t\t<\/div><div class=\"col post-item\" >\n\t\t\t<div class=\"col-inner\">\n\t\t\t\t<div class=\"box box-normal box-text-bottom box-blog-post has-hover\">\n            \t\t\t\t\t<div class=\"box-image\" >\n  \t\t\t\t\t\t<div class=\"image-cover\" style=\"padding-top:56.25%;\">\n\t\t\t\t\t\t\t<a href=\"https:\/\/www.mallorcafreetour.com\/de\/blog\/mallorquinische-ausdruecke-und-ihre-bedeutung-teil-ii\/\" class=\"plain\" aria-label=\"Mallorquinische Ausdr\u00fccke und ihre Bedeutung (Teil II)\">\n\t\t\t\t\t\t\t\t<img loading=\"lazy\" decoding=\"async\" width=\"477\" height=\"400\" src=\"https:\/\/www.mallorcafreetour.com\/wp-content\/uploads\/2020\/03\/Expresiones-parte-2-477x400.png\" class=\"attachment-medium size-medium wp-post-image\" alt=\"\" srcset=\"https:\/\/www.mallorcafreetour.com\/wp-content\/uploads\/2020\/03\/Expresiones-parte-2-477x400.png 477w, https:\/\/www.mallorcafreetour.com\/wp-content\/uploads\/2020\/03\/Expresiones-parte-2-768x644.png 768w, https:\/\/www.mallorcafreetour.com\/wp-content\/uploads\/2020\/03\/Expresiones-parte-2.png 940w\" sizes=\"auto, (max-width: 477px) 100vw, 477px\" \/>\t\t\t\t\t\t\t<\/a>\n  \t\t\t\t\t\t\t  \t\t\t\t\t\t\t  \t\t\t\t\t\t<\/div>\n  \t\t\t\t\t\t  \t\t\t\t\t<\/div>\n          \t\t\t\t\t<div class=\"box-text text-center\" >\n\t\t\t\t\t<div class=\"box-text-inner blog-post-inner\">\n\n\t\t\t\t\t\n\t\t\t\t\t\t\t\t\t\t<h5 class=\"post-title is-large \">\n\t\t\t\t\t\t<a href=\"https:\/\/www.mallorcafreetour.com\/de\/blog\/mallorquinische-ausdruecke-und-ihre-bedeutung-teil-ii\/\" class=\"plain\">Mallorquinische Ausdr\u00fccke und ihre Bedeutung (Teil II)<\/a>\n\t\t\t\t\t<\/h5>\n\t\t\t\t\t\t\t\t\t\t<div class=\"is-divider\"><\/div>\n\t\t\t\t\t\t\t\t\t\t<p class=\"from_the_blog_excerpt \">\n\t\t\t\t\t\t\t\t\t\t\t<\/p>\n\t\t\t\t\t                    \n\t\t\t\t\t\n\t\t\t\t\t\n\t\t\t\t\t<\/div>\n\t\t\t\t\t<\/div>\n\t\t\t\t\t\t\t\t\t<\/div>\n\t\t\t<\/div>\n\t\t<\/div><div class=\"col post-item\" >\n\t\t\t<div class=\"col-inner\">\n\t\t\t\t<div class=\"box box-normal box-text-bottom box-blog-post has-hover\">\n            \t\t\t\t\t<div class=\"box-image\" >\n  \t\t\t\t\t\t<div class=\"image-cover\" style=\"padding-top:56.25%;\">\n\t\t\t\t\t\t\t<a href=\"https:\/\/www.mallorcafreetour.com\/de\/blog\/mallorquinische-ausdruecke-und-ihre-bedeutung\/\" class=\"plain\" aria-label=\"Mallorquinische Ausdr\u00fccke und ihre Bedeutung\">\n\t\t\t\t\t\t\t\t<img loading=\"lazy\" decoding=\"async\" width=\"489\" height=\"400\" src=\"https:\/\/www.mallorcafreetour.com\/wp-content\/uploads\/2019\/01\/expresionesmallorquinasysusignificado-489x400.jpg\" class=\"attachment-medium size-medium wp-post-image\" alt=\"\" srcset=\"https:\/\/www.mallorcafreetour.com\/wp-content\/uploads\/2019\/01\/expresionesmallorquinasysusignificado-489x400.jpg 489w, https:\/\/www.mallorcafreetour.com\/wp-content\/uploads\/2019\/01\/expresionesmallorquinasysusignificado-768x628.jpg 768w, https:\/\/www.mallorcafreetour.com\/wp-content\/uploads\/2019\/01\/expresionesmallorquinasysusignificado-978x800.jpg 978w, https:\/\/www.mallorcafreetour.com\/wp-content\/uploads\/2019\/01\/expresionesmallorquinasysusignificado.jpg 1100w\" sizes=\"auto, (max-width: 489px) 100vw, 489px\" \/>\t\t\t\t\t\t\t<\/a>\n  \t\t\t\t\t\t\t  \t\t\t\t\t\t\t  \t\t\t\t\t\t<\/div>\n  \t\t\t\t\t\t  \t\t\t\t\t<\/div>\n          \t\t\t\t\t<div class=\"box-text text-center\" >\n\t\t\t\t\t<div class=\"box-text-inner blog-post-inner\">\n\n\t\t\t\t\t\n\t\t\t\t\t\t\t\t\t\t<h5 class=\"post-title is-large \">\n\t\t\t\t\t\t<a href=\"https:\/\/www.mallorcafreetour.com\/de\/blog\/mallorquinische-ausdruecke-und-ihre-bedeutung\/\" class=\"plain\">Mallorquinische Ausdr\u00fccke und ihre Bedeutung<\/a>\n\t\t\t\t\t<\/h5>\n\t\t\t\t\t\t\t\t\t\t<div class=\"is-divider\"><\/div>\n\t\t\t\t\t\t\t\t\t\t<p class=\"from_the_blog_excerpt \">\n\t\t\t\t\t\t\t\t\t\t\t<\/p>\n\t\t\t\t\t                    \n\t\t\t\t\t\n\t\t\t\t\t\n\t\t\t\t\t<\/div>\n\t\t\t\t\t<\/div>\n\t\t\t\t\t\t\t\t\t<\/div>\n\t\t\t<\/div>\n\t\t<\/div><div class=\"col post-item\" >\n\t\t\t<div class=\"col-inner\">\n\t\t\t\t<div class=\"box box-normal box-text-bottom box-blog-post has-hover\">\n            \t\t\t\t\t<div class=\"box-image\" >\n  \t\t\t\t\t\t<div class=\"image-cover\" style=\"padding-top:56.25%;\">\n\t\t\t\t\t\t\t<a href=\"https:\/\/www.mallorcafreetour.com\/de\/blog\/exkursionen-mallorca-inselrundfahrt-mallorca\/\" class=\"plain\" aria-label=\"Exkursionen Mallorca: Inselrundfahrt Mallorca\">\n\t\t\t\t\t\t\t\t<img loading=\"lazy\" decoding=\"async\" width=\"300\" height=\"400\" src=\"https:\/\/www.mallorcafreetour.com\/wp-content\/uploads\/2021\/09\/DSCN4482-300x400.jpg\" class=\"attachment-medium size-medium wp-post-image\" alt=\"\" srcset=\"https:\/\/www.mallorcafreetour.com\/wp-content\/uploads\/2021\/09\/DSCN4482-300x400.jpg 300w, https:\/\/www.mallorcafreetour.com\/wp-content\/uploads\/2021\/09\/DSCN4482-600x800.jpg 600w, https:\/\/www.mallorcafreetour.com\/wp-content\/uploads\/2021\/09\/DSCN4482-768x1024.jpg 768w, https:\/\/www.mallorcafreetour.com\/wp-content\/uploads\/2021\/09\/DSCN4482-1152x1536.jpg 1152w, https:\/\/www.mallorcafreetour.com\/wp-content\/uploads\/2021\/09\/DSCN4482-1536x2048.jpg 1536w, https:\/\/www.mallorcafreetour.com\/wp-content\/uploads\/2021\/09\/DSCN4482-scaled.jpg 1920w\" sizes=\"auto, (max-width: 300px) 100vw, 300px\" \/>\t\t\t\t\t\t\t<\/a>\n  \t\t\t\t\t\t\t  \t\t\t\t\t\t\t  \t\t\t\t\t\t<\/div>\n  \t\t\t\t\t\t  \t\t\t\t\t<\/div>\n          \t\t\t\t\t<div class=\"box-text text-center\" >\n\t\t\t\t\t<div class=\"box-text-inner blog-post-inner\">\n\n\t\t\t\t\t\n\t\t\t\t\t\t\t\t\t\t<h5 class=\"post-title is-large \">\n\t\t\t\t\t\t<a href=\"https:\/\/www.mallorcafreetour.com\/de\/blog\/exkursionen-mallorca-inselrundfahrt-mallorca\/\" class=\"plain\">Exkursionen Mallorca: Inselrundfahrt Mallorca<\/a>\n\t\t\t\t\t<\/h5>\n\t\t\t\t\t\t\t\t\t\t<div class=\"is-divider\"><\/div>\n\t\t\t\t\t\t\t\t\t\t<p class=\"from_the_blog_excerpt \">\n\t\t\t\t\t\tExkursionen Mallorca: Inselrundfahrt Mallorca Was man auf Mallorca unternehmen kann, ist manchmal schwierig, denn es [...]\t\t\t\t\t<\/p>\n\t\t\t\t\t                    \n\t\t\t\t\t\n\t\t\t\t\t\n\t\t\t\t\t<\/div>\n\t\t\t\t\t<\/div>\n\t\t\t\t\t\t\t\t\t<\/div>\n\t\t\t<\/div>\n\t\t<\/div><div class=\"col post-item\" >\n\t\t\t<div class=\"col-inner\">\n\t\t\t\t<div class=\"box box-normal box-text-bottom box-blog-post has-hover\">\n            \t\t\t\t\t<div class=\"box-image\" >\n  \t\t\t\t\t\t<div class=\"image-cover\" style=\"padding-top:56.25%;\">\n\t\t\t\t\t\t\t<a href=\"https:\/\/www.mallorcafreetour.com\/de\/blog\/wie-kommt-man-von-seinem-kreuzfahrtschiff-zur-mallorca-free-tour\/\" class=\"plain\" aria-label=\"Wie kommt man von seinem Kreuzfahrtschiff zur Mallorca Free Tour?\">\n\t\t\t\t\t\t\t\t<img loading=\"lazy\" decoding=\"async\" width=\"477\" height=\"400\" src=\"https:\/\/www.mallorcafreetour.com\/wp-content\/uploads\/2019\/09\/c\u00f3mo-llegar-desde-del-palacio-de-congresos-6-477x400.png\" class=\"attachment-medium size-medium wp-post-image\" alt=\"\" srcset=\"https:\/\/www.mallorcafreetour.com\/wp-content\/uploads\/2019\/09\/c\u00f3mo-llegar-desde-del-palacio-de-congresos-6-477x400.png 477w, https:\/\/www.mallorcafreetour.com\/wp-content\/uploads\/2019\/09\/c\u00f3mo-llegar-desde-del-palacio-de-congresos-6-768x644.png 768w, https:\/\/www.mallorcafreetour.com\/wp-content\/uploads\/2019\/09\/c\u00f3mo-llegar-desde-del-palacio-de-congresos-6.png 940w\" sizes=\"auto, (max-width: 477px) 100vw, 477px\" \/>\t\t\t\t\t\t\t<\/a>\n  \t\t\t\t\t\t\t  \t\t\t\t\t\t\t  \t\t\t\t\t\t<\/div>\n  \t\t\t\t\t\t  \t\t\t\t\t<\/div>\n          \t\t\t\t\t<div class=\"box-text text-center\" >\n\t\t\t\t\t<div class=\"box-text-inner blog-post-inner\">\n\n\t\t\t\t\t\n\t\t\t\t\t\t\t\t\t\t<h5 class=\"post-title is-large \">\n\t\t\t\t\t\t<a href=\"https:\/\/www.mallorcafreetour.com\/de\/blog\/wie-kommt-man-von-seinem-kreuzfahrtschiff-zur-mallorca-free-tour\/\" class=\"plain\">Wie kommt man von seinem Kreuzfahrtschiff zur Mallorca Free Tour?<\/a>\n\t\t\t\t\t<\/h5>\n\t\t\t\t\t\t\t\t\t\t<div class=\"is-divider\"><\/div>\n\t\t\t\t\t\t\t\t\t\t<p class=\"from_the_blog_excerpt \">\n\t\t\t\t\t\t\t\t\t\t\t<\/p>\n\t\t\t\t\t                    \n\t\t\t\t\t\n\t\t\t\t\t\n\t\t\t\t\t<\/div>\n\t\t\t\t\t<\/div>\n\t\t\t\t\t\t\t\t\t<\/div>\n\t\t\t<\/div>\n\t\t<\/div><div class=\"col post-item\" >\n\t\t\t<div class=\"col-inner\">\n\t\t\t\t<div class=\"box box-normal box-text-bottom box-blog-post has-hover\">\n            \t\t\t\t\t<div class=\"box-image\" >\n  \t\t\t\t\t\t<div class=\"image-cover\" style=\"padding-top:56.25%;\">\n\t\t\t\t\t\t\t<a href=\"https:\/\/www.mallorcafreetour.com\/de\/blog\/was-kann-man-bei-einem-kreuzfahrtaufenthalt-auf-mallorca-unternehmen-und-besichtigen\/\" class=\"plain\" aria-label=\"Was kann man bei einem Kreuzfahrtaufenthalt auf Mallorca unternehmen und besichtigen?\">\n\t\t\t\t\t\t\t\t<img loading=\"lazy\" decoding=\"async\" width=\"267\" height=\"400\" src=\"https:\/\/www.mallorcafreetour.com\/wp-content\/uploads\/2019\/05\/Qu\u00e9-en-un-crucero-267x400.png\" class=\"attachment-medium size-medium wp-post-image\" alt=\"\" srcset=\"https:\/\/www.mallorcafreetour.com\/wp-content\/uploads\/2019\/05\/Qu\u00e9-en-un-crucero-267x400.png 267w, https:\/\/www.mallorcafreetour.com\/wp-content\/uploads\/2019\/05\/Qu\u00e9-en-un-crucero-533x800.png 533w, https:\/\/www.mallorcafreetour.com\/wp-content\/uploads\/2019\/05\/Qu\u00e9-en-un-crucero-768x1152.png 768w, https:\/\/www.mallorcafreetour.com\/wp-content\/uploads\/2019\/05\/Qu\u00e9-en-un-crucero.png 1000w\" sizes=\"auto, (max-width: 267px) 100vw, 267px\" \/>\t\t\t\t\t\t\t<\/a>\n  \t\t\t\t\t\t\t  \t\t\t\t\t\t\t  \t\t\t\t\t\t<\/div>\n  \t\t\t\t\t\t  \t\t\t\t\t<\/div>\n          \t\t\t\t\t<div class=\"box-text text-center\" >\n\t\t\t\t\t<div class=\"box-text-inner blog-post-inner\">\n\n\t\t\t\t\t\n\t\t\t\t\t\t\t\t\t\t<h5 class=\"post-title is-large \">\n\t\t\t\t\t\t<a href=\"https:\/\/www.mallorcafreetour.com\/de\/blog\/was-kann-man-bei-einem-kreuzfahrtaufenthalt-auf-mallorca-unternehmen-und-besichtigen\/\" class=\"plain\">Was kann man bei einem Kreuzfahrtaufenthalt auf Mallorca unternehmen und besichtigen?<\/a>\n\t\t\t\t\t<\/h5>\n\t\t\t\t\t\t\t\t\t\t<div class=\"is-divider\"><\/div>\n\t\t\t\t\t\t\t\t\t\t<p class=\"from_the_blog_excerpt \">\n\t\t\t\t\t\tWas kann man bei einem Kreuzfahrtaufenthalt auf Mallorca unternehmen und besichtigen? Was kann man bei [...]\t\t\t\t\t<\/p>\n\t\t\t\t\t                    \n\t\t\t\t\t\n\t\t\t\t\t\n\t\t\t\t\t<\/div>\n\t\t\t\t\t<\/div>\n\t\t\t\t\t\t\t\t\t<\/div>\n\t\t\t<\/div>\n\t\t<\/div><div class=\"col post-item\" >\n\t\t\t<div class=\"col-inner\">\n\t\t\t\t<div class=\"box box-normal box-text-bottom box-blog-post has-hover\">\n            \t\t\t\t\t<div class=\"box-image\" >\n  \t\t\t\t\t\t<div class=\"image-cover\" style=\"padding-top:56.25%;\">\n\t\t\t\t\t\t\t<a href=\"https:\/\/www.mallorcafreetour.com\/de\/blog\/was-man-auf-mallorca-in-7-tagen-sehen-und-tun-kann\/\" class=\"plain\" aria-label=\"Was man auf Mallorca in 7 Tagen sehen und tun kann\">\n\t\t\t\t\t\t\t\t<img loading=\"lazy\" decoding=\"async\" width=\"267\" height=\"400\" src=\"https:\/\/www.mallorcafreetour.com\/wp-content\/uploads\/2019\/05\/2-267x400.png\" class=\"attachment-medium size-medium wp-post-image\" alt=\"\" srcset=\"https:\/\/www.mallorcafreetour.com\/wp-content\/uploads\/2019\/05\/2-267x400.png 267w, https:\/\/www.mallorcafreetour.com\/wp-content\/uploads\/2019\/05\/2-534x800.png 534w, https:\/\/www.mallorcafreetour.com\/wp-content\/uploads\/2019\/05\/2.png 735w\" sizes=\"auto, (max-width: 267px) 100vw, 267px\" \/>\t\t\t\t\t\t\t<\/a>\n  \t\t\t\t\t\t\t  \t\t\t\t\t\t\t  \t\t\t\t\t\t<\/div>\n  \t\t\t\t\t\t  \t\t\t\t\t<\/div>\n          \t\t\t\t\t<div class=\"box-text text-center\" >\n\t\t\t\t\t<div class=\"box-text-inner blog-post-inner\">\n\n\t\t\t\t\t\n\t\t\t\t\t\t\t\t\t\t<h5 class=\"post-title is-large \">\n\t\t\t\t\t\t<a href=\"https:\/\/www.mallorcafreetour.com\/de\/blog\/was-man-auf-mallorca-in-7-tagen-sehen-und-tun-kann\/\" class=\"plain\">Was man auf Mallorca in 7 Tagen sehen und tun kann<\/a>\n\t\t\t\t\t<\/h5>\n\t\t\t\t\t\t\t\t\t\t<div class=\"is-divider\"><\/div>\n\t\t\t\t\t\t\t\t\t\t<p class=\"from_the_blog_excerpt \">\n\t\t\t\t\t\tWas kann man auf Mallorca in 7 Tagen sehen und unternehmen? Kennen Sie das Paradies [...]\t\t\t\t\t<\/p>\n\t\t\t\t\t                    \n\t\t\t\t\t\n\t\t\t\t\t\n\t\t\t\t\t<\/div>\n\t\t\t\t\t<\/div>\n\t\t\t\t\t\t\t\t\t<\/div>\n\t\t\t<\/div>\n\t\t<\/div><\/div>\n\n\n\t\t<\/div>\n\t\t\t\t\t<\/div>\n\n\t\n\n<\/div>\n\n\t\t<\/div>\n\n\t\t\n<style>\n#section_587487256 {\n  padding-top: 30px;\n  padding-bottom: 30px;\n}\n<\/style>\n\t<\/section>\n\t\n\n","protected":false},"excerpt":{"rendered":"","protected":false},"author":3,"featured_media":0,"parent":0,"menu_order":0,"comment_status":"closed","ping_status":"closed","template":"page-blank.php","meta":{"footnotes":""},"class_list":["post-7447","page","type-page","status-publish","hentry"],"yoast_head":"<!-- This site is optimized with the Yoast SEO plugin v27.5 - https:\/\/yoast.com\/product\/yoast-seo-wordpress\/ -->\n<title>Free Tour Mallorca | Ihre Free Tour durch Palma de Mallorca<\/title>\n<meta name=\"description\" content=\"Free Tour Mallorca: Die beste Free Tour in Palma de Mallorca. Lokale F\u00fchrer. Begrenzte Pl\u00e4tze. Wir trennen nach Sprachen, buchen Sie jetzt!\" \/>\n<meta name=\"robots\" content=\"index, follow, max-snippet:-1, max-image-preview:large, max-video-preview:-1\" \/>\n<link rel=\"canonical\" href=\"https:\/\/www.mallorcafreetour.com\/de\/\" \/>\n<meta property=\"og:locale\" content=\"de_DE\" \/>\n<meta property=\"og:type\" content=\"article\" \/>\n<meta property=\"og:title\" content=\"Free Tour Mallorca | Ihre Free Tour durch Palma de Mallorca\" \/>\n<meta property=\"og:description\" content=\"Free Tour Mallorca: Die beste Free Tour in Palma de Mallorca. Lokale F\u00fchrer. Begrenzte Pl\u00e4tze. Wir trennen nach Sprachen, buchen Sie jetzt!\" \/>\n<meta property=\"og:url\" content=\"https:\/\/www.mallorcafreetour.com\/de\/\" \/>\n<meta property=\"og:site_name\" content=\"Mallorca Free Tour\" \/>\n<meta property=\"article:publisher\" content=\"https:\/\/www.facebook.com\/Mallorcafreetour\" \/>\n<meta property=\"article:modified_time\" content=\"2026-04-27T15:27:06+00:00\" \/>\n<meta property=\"og:image\" content=\"https:\/\/www.tripadvisor.es\/img\/cdsi\/img2\/awards\/v2\/tchotel_2020_LL-14348-2.png\" \/>\n<meta name=\"twitter:card\" content=\"summary_large_image\" \/>\n<meta name=\"twitter:site\" content=\"@MajorcaFreeTour\" \/>\n<meta name=\"twitter:label1\" content=\"Gesch\u00e4tzte Lesezeit\" \/>\n\t<meta name=\"twitter:data1\" content=\"25\u00a0Minuten\" \/>\n<!-- \/ Yoast SEO plugin. -->","yoast_head_json":{"title":"Free Tour Mallorca | Ihre Free Tour durch Palma de Mallorca","description":"Free Tour Mallorca: Die beste Free Tour in Palma de Mallorca. Lokale F\u00fchrer. Begrenzte Pl\u00e4tze. Wir trennen nach Sprachen, buchen Sie jetzt!","robots":{"index":"index","follow":"follow","max-snippet":"max-snippet:-1","max-image-preview":"max-image-preview:large","max-video-preview":"max-video-preview:-1"},"canonical":"https:\/\/www.mallorcafreetour.com\/de\/","og_locale":"de_DE","og_type":"article","og_title":"Free Tour Mallorca | Ihre Free Tour durch Palma de Mallorca","og_description":"Free Tour Mallorca: Die beste Free Tour in Palma de Mallorca. Lokale F\u00fchrer. Begrenzte Pl\u00e4tze. Wir trennen nach Sprachen, buchen Sie jetzt!","og_url":"https:\/\/www.mallorcafreetour.com\/de\/","og_site_name":"Mallorca Free Tour","article_publisher":"https:\/\/www.facebook.com\/Mallorcafreetour","article_modified_time":"2026-04-27T15:27:06+00:00","og_image":[{"url":"https:\/\/www.tripadvisor.es\/img\/cdsi\/img2\/awards\/v2\/tchotel_2020_LL-14348-2.png","type":"","width":"","height":""}],"twitter_card":"summary_large_image","twitter_site":"@MajorcaFreeTour","twitter_misc":{"Gesch\u00e4tzte Lesezeit":"25\u00a0Minuten"},"schema":{"@context":"https:\/\/schema.org","@graph":[{"@type":"WebPage","@id":"https:\/\/www.mallorcafreetour.com\/de\/","url":"https:\/\/www.mallorcafreetour.com\/de\/","name":"Free Tour Mallorca | Ihre Free Tour durch Palma de Mallorca","isPartOf":{"@id":"https:\/\/www.mallorcafreetour.com\/#website"},"primaryImageOfPage":{"@id":"https:\/\/www.mallorcafreetour.com\/de\/#primaryimage"},"image":{"@id":"https:\/\/www.mallorcafreetour.com\/de\/#primaryimage"},"thumbnailUrl":"https:\/\/www.tripadvisor.es\/img\/cdsi\/img2\/awards\/v2\/tchotel_2020_LL-14348-2.png","datePublished":"2022-05-17T11:29:19+00:00","dateModified":"2026-04-27T15:27:06+00:00","description":"Free Tour Mallorca: Die beste Free Tour in Palma de Mallorca. Lokale F\u00fchrer. Begrenzte Pl\u00e4tze. Wir trennen nach Sprachen, buchen Sie jetzt!","breadcrumb":{"@id":"https:\/\/www.mallorcafreetour.com\/de\/#breadcrumb"},"inLanguage":"de","potentialAction":[{"@type":"ReadAction","target":["https:\/\/www.mallorcafreetour.com\/de\/"]}]},{"@type":"ImageObject","inLanguage":"de","@id":"https:\/\/www.mallorcafreetour.com\/de\/#primaryimage","url":"https:\/\/www.tripadvisor.es\/img\/cdsi\/img2\/awards\/v2\/tchotel_2020_LL-14348-2.png","contentUrl":"https:\/\/www.tripadvisor.es\/img\/cdsi\/img2\/awards\/v2\/tchotel_2020_LL-14348-2.png"},{"@type":"BreadcrumbList","@id":"https:\/\/www.mallorcafreetour.com\/de\/#breadcrumb","itemListElement":[{"@type":"ListItem","position":1,"name":"Portada","item":"https:\/\/www.mallorcafreetour.com\/de\/"},{"@type":"ListItem","position":2,"name":"HOME DE"}]},{"@type":"WebSite","@id":"https:\/\/www.mallorcafreetour.com\/#website","url":"https:\/\/www.mallorcafreetour.com\/","name":"Mallorca Free Tour","description":"Visitas guiadas en Palma de Mallorca.","publisher":{"@id":"https:\/\/www.mallorcafreetour.com\/#organization"},"potentialAction":[{"@type":"SearchAction","target":{"@type":"EntryPoint","urlTemplate":"https:\/\/www.mallorcafreetour.com\/?s={search_term_string}"},"query-input":{"@type":"PropertyValueSpecification","valueRequired":true,"valueName":"search_term_string"}}],"inLanguage":"de"},{"@type":"Organization","@id":"https:\/\/www.mallorcafreetour.com\/#organization","name":"Mallorca Free Tour","url":"https:\/\/www.mallorcafreetour.com\/","logo":{"@type":"ImageObject","inLanguage":"de","@id":"https:\/\/www.mallorcafreetour.com\/#\/schema\/logo\/image\/","url":"https:\/\/www.mallorcafreetour.com\/wp-content\/uploads\/2020\/01\/freetour.png","contentUrl":"https:\/\/www.mallorcafreetour.com\/wp-content\/uploads\/2020\/01\/freetour.png","width":200,"height":124,"caption":"Mallorca Free Tour"},"image":{"@id":"https:\/\/www.mallorcafreetour.com\/#\/schema\/logo\/image\/"},"sameAs":["https:\/\/www.facebook.com\/Mallorcafreetour","https:\/\/x.com\/MajorcaFreeTour","https:\/\/www.instagram.com\/mallorcafreetour\/"]}]}},"_links":{"self":[{"href":"https:\/\/www.mallorcafreetour.com\/de\/wp-json\/wp\/v2\/pages\/7447","targetHints":{"allow":["GET"]}}],"collection":[{"href":"https:\/\/www.mallorcafreetour.com\/de\/wp-json\/wp\/v2\/pages"}],"about":[{"href":"https:\/\/www.mallorcafreetour.com\/de\/wp-json\/wp\/v2\/types\/page"}],"author":[{"embeddable":true,"href":"https:\/\/www.mallorcafreetour.com\/de\/wp-json\/wp\/v2\/users\/3"}],"replies":[{"embeddable":true,"href":"https:\/\/www.mallorcafreetour.com\/de\/wp-json\/wp\/v2\/comments?post=7447"}],"version-history":[{"count":89,"href":"https:\/\/www.mallorcafreetour.com\/de\/wp-json\/wp\/v2\/pages\/7447\/revisions"}],"predecessor-version":[{"id":11356,"href":"https:\/\/www.mallorcafreetour.com\/de\/wp-json\/wp\/v2\/pages\/7447\/revisions\/11356"}],"wp:attachment":[{"href":"https:\/\/www.mallorcafreetour.com\/de\/wp-json\/wp\/v2\/media?parent=7447"}],"curies":[{"name":"wp","href":"https:\/\/api.w.org\/{rel}","templated":true}]}}